{"id":1198,"date":"2023-07-07T13:57:14","date_gmt":"2023-07-07T13:57:14","guid":{"rendered":"https:\/\/xn--montaapalentinaecoturismo-doc.com\/?page_id=1198"},"modified":"2023-08-25T22:17:02","modified_gmt":"2023-08-25T22:17:02","slug":"berrea-del-ciervo-en-montana-palentina","status":"publish","type":"page","link":"https:\/\/xn--montaapalentinaecoturismo-doc.com\/index.php\/berrea-del-ciervo-en-montana-palentina\/","title":{"rendered":"Berrea del ciervo en Monta\u00f1a Palentina"},"content":{"rendered":"<p class=\"attachment\"><a href='https:\/\/xn--montaapalentinaecoturismo-doc.com\/wp-content\/uploads\/2023\/06\/portadagea01.jpg'><img fetchpriority=\"high\" decoding=\"async\" width=\"300\" height=\"197\" src=\"https:\/\/xn--montaapalentinaecoturismo-doc.com\/wp-content\/uploads\/2023\/06\/portadagea01-300x197.jpg\" class=\"attachment-medium size-medium\" alt=\"\" srcset=\"https:\/\/xn--montaapalentinaecoturismo-doc.com\/wp-content\/uploads\/2023\/06\/portadagea01-300x197.jpg 300w, https:\/\/xn--montaapalentinaecoturismo-doc.com\/wp-content\/uploads\/2023\/06\/portadagea01-768x503.jpg 768w, https:\/\/xn--montaapalentinaecoturismo-doc.com\/wp-content\/uploads\/2023\/06\/portadagea01.jpg 981w\" sizes=\"(max-width: 300px) 100vw, 300px\" \/><\/a><\/p>\n\t\t<div data-elementor-type=\"wp-page\" data-elementor-id=\"1198\" class=\"elementor elementor-1198\">\n\t\t\t\t\t\t<section class=\"elementor-section elementor-top-section elementor-element elementor-element-3636240 elementor-section-full_width elementor-section-stretched elementor-section-height-default elementor-section-height-default wpr-particle-no wpr-jarallax-no wpr-parallax-no wpr-sticky-section-no\" data-id=\"3636240\" data-element_type=\"section\" data-e-type=\"section\" data-settings=\"{&quot;background_background&quot;:&quot;classic&quot;,&quot;stretch_section&quot;:&quot;section-stretched&quot;}\">\n\t\t\t\t\t\t\t<div class=\"elementor-background-overlay\"><\/div>\n\t\t\t\t\t\t\t<div class=\"elementor-container elementor-column-gap-extended\">\n\t\t\t\t\t<div class=\"elementor-column elementor-col-100 elementor-top-column elementor-element elementor-element-ce62160\" data-id=\"ce62160\" data-element_type=\"column\" data-e-type=\"column\" data-settings=\"{&quot;background_background&quot;:&quot;classic&quot;}\">\n\t\t\t<div class=\"elementor-widget-wrap elementor-element-populated\">\n\t\t\t\t\t\t<div class=\"elementor-element elementor-element-969eab0 elementor-widget elementor-widget-heading\" data-id=\"969eab0\" data-element_type=\"widget\" data-e-type=\"widget\" data-widget_type=\"heading.default\">\n\t\t\t\t<div class=\"elementor-widget-container\">\n\t\t\t\t\t<h2 class=\"elementor-heading-title elementor-size-default\">Berrea del ciervo en Monta\u00f1a Palentina<\/h2>\t\t\t\t<\/div>\n\t\t\t\t<\/div>\n\t\t\t\t\t<\/div>\n\t\t<\/div>\n\t\t\t\t\t<\/div>\n\t\t<\/section>\n\t\t\t\t<section class=\"elementor-section elementor-top-section elementor-element elementor-element-d5fcae9 elementor-section-boxed elementor-section-height-default elementor-section-height-default wpr-particle-no wpr-jarallax-no wpr-parallax-no wpr-sticky-section-no\" data-id=\"d5fcae9\" data-element_type=\"section\" data-e-type=\"section\">\n\t\t\t\t\t\t<div class=\"elementor-container elementor-column-gap-default\">\n\t\t\t\t\t<div class=\"elementor-column elementor-col-100 elementor-top-column elementor-element elementor-element-a5537fd\" data-id=\"a5537fd\" data-element_type=\"column\" data-e-type=\"column\">\n\t\t\t<div class=\"elementor-widget-wrap elementor-element-populated\">\n\t\t\t\t\t\t<div class=\"elementor-element elementor-element-1f5a165 elementor-widget elementor-widget-spacer\" data-id=\"1f5a165\" data-element_type=\"widget\" data-e-type=\"widget\" data-widget_type=\"spacer.default\">\n\t\t\t\t<div class=\"elementor-widget-container\">\n\t\t\t\t\t\t\t<div class=\"elementor-spacer\">\n\t\t\t<div class=\"elementor-spacer-inner\"><\/div>\n\t\t<\/div>\n\t\t\t\t\t\t<\/div>\n\t\t\t\t<\/div>\n\t\t\t\t\t<\/div>\n\t\t<\/div>\n\t\t\t\t\t<\/div>\n\t\t<\/section>\n\t\t\t\t<section class=\"elementor-section elementor-top-section elementor-element elementor-element-f701a17 elementor-section-boxed elementor-section-height-default elementor-section-height-default wpr-particle-no wpr-jarallax-no wpr-parallax-no wpr-sticky-section-no\" data-id=\"f701a17\" data-element_type=\"section\" data-e-type=\"section\">\n\t\t\t\t\t\t<div class=\"elementor-container elementor-column-gap-default\">\n\t\t\t\t\t<div class=\"elementor-column elementor-col-50 elementor-top-column elementor-element elementor-element-65e4827\" data-id=\"65e4827\" data-element_type=\"column\" data-e-type=\"column\">\n\t\t\t<div class=\"elementor-widget-wrap elementor-element-populated\">\n\t\t\t\t\t\t<div class=\"elementor-element elementor-element-026655b elementor-widget elementor-widget-heading\" data-id=\"026655b\" data-element_type=\"widget\" data-e-type=\"widget\" data-widget_type=\"heading.default\">\n\t\t\t\t<div class=\"elementor-widget-container\">\n\t\t\t\t\t<h2 class=\"elementor-heading-title elementor-size-default\">Berrea del ciervo en Monta\u00f1a Palentina<\/h2>\t\t\t\t<\/div>\n\t\t\t\t<\/div>\n\t\t\t\t<div class=\"elementor-element elementor-element-74d9cc9 elementor-widget-divider--view-line elementor-widget elementor-widget-divider\" data-id=\"74d9cc9\" data-element_type=\"widget\" data-e-type=\"widget\" data-widget_type=\"divider.default\">\n\t\t\t\t<div class=\"elementor-widget-container\">\n\t\t\t\t\t\t\t<div class=\"elementor-divider\">\n\t\t\t<span class=\"elementor-divider-separator\">\n\t\t\t\t\t\t<\/span>\n\t\t<\/div>\n\t\t\t\t\t\t<\/div>\n\t\t\t\t<\/div>\n\t\t\t\t<div class=\"elementor-element elementor-element-ca5c972 elementor-widget elementor-widget-text-editor\" data-id=\"ca5c972\" data-element_type=\"widget\" data-e-type=\"widget\" data-widget_type=\"text-editor.default\">\n\t\t\t\t<div class=\"elementor-widget-container\">\n\t\t\t\t\t\t\t\t\t<p>Rutas interpretadas en 4&#215;4 para observaci\u00f3n de la berrea del ciervo en el Parque Natural Monta\u00f1a Palentina<\/p><p>Te llevamos en nuestro todoterreno a descubrir los rincones m\u00e1s especiales del Parque Natural Monta\u00f1a Palentina para conocer de la mano de nuestros gu\u00edas, el comportamiento de los ciervos durante su periodo de celo; marcajes, peleas entre machos, defensa del har\u00e9n de hembras, etc.<\/p><p><script src=\"moz-extension:\/\/f1e686c7-b319-4d06-acac-a326b7bc9c0c\/js\/app.js\" type=\"text\/javascript\"><\/script><\/p><p><script src=\"moz-extension:\/\/f1e686c7-b319-4d06-acac-a326b7bc9c0c\/js\/app.js\" type=\"text\/javascript\"><\/script><\/p>\t\t\t\t\t\t\t\t<\/div>\n\t\t\t\t<\/div>\n\t\t\t\t<div class=\"elementor-element elementor-element-9909615 wpr-button-icon-style-inline wpr-button-icon-position-right elementor-widget elementor-widget-wpr-button\" data-id=\"9909615\" data-element_type=\"widget\" data-e-type=\"widget\" data-widget_type=\"wpr-button.default\">\n\t\t\t\t<div class=\"elementor-widget-container\">\n\t\t\t\t\t\t\n\t\t\t\n\t\t\n\t\t<div class=\"wpr-button-wrap elementor-clearfix\">\n\t\t<a class=\"wpr-button wpr-button-effect wpr-button-none\" data-text=\"\" href=\"https:\/\/api.whatsapp.com\/send?phone=34686192974\">\n\t\t\t\n\t\t\t<span class=\"wpr-button-content\">\n\t\t\t\t\t\t\t\t\t<span class=\"wpr-button-text\">Contactar por WhatsApp<\/span>\n\t\t\t\t\t\t\t\t\n\t\t\t\t\t\t\t<\/span>\n\t\t<\/a>\n\n\t\t\t\t<\/div>\n\t\n\t\n\t\t\t\t\t<\/div>\n\t\t\t\t<\/div>\n\t\t\t\t\t<\/div>\n\t\t<\/div>\n\t\t\t\t<div class=\"elementor-column elementor-col-50 elementor-top-column elementor-element elementor-element-20ff15b\" data-id=\"20ff15b\" data-element_type=\"column\" data-e-type=\"column\">\n\t\t\t<div class=\"elementor-widget-wrap elementor-element-populated\">\n\t\t\t\t\t\t<div class=\"elementor-element elementor-element-dbf6b38 elementor-widget elementor-widget-video\" data-id=\"dbf6b38\" data-element_type=\"widget\" data-e-type=\"widget\" data-settings=\"{&quot;video_type&quot;:&quot;hosted&quot;,&quot;controls&quot;:&quot;yes&quot;}\" data-widget_type=\"video.default\">\n\t\t\t\t<div class=\"elementor-widget-container\">\n\t\t\t\t\t\t\t<div class=\"e-hosted-video elementor-wrapper elementor-open-inline\">\n\t\t\t\t\t<video class=\"elementor-video\" src=\"https:\/\/xn--montaapalentinaecoturismo-doc.com\/wp-content\/uploads\/2023\/08\/Gea-Forestal-Berrea.mp4\" controls=\"\" preload=\"metadata\" controlsList=\"nodownload\"><\/video>\n\t\t\t\t<\/div>\n\t\t\t\t\t\t<\/div>\n\t\t\t\t<\/div>\n\t\t\t\t\t<\/div>\n\t\t<\/div>\n\t\t\t\t\t<\/div>\n\t\t<\/section>\n\t\t\t\t<section class=\"elementor-section elementor-top-section elementor-element elementor-element-00f396a elementor-section-boxed elementor-section-height-default elementor-section-height-default wpr-particle-no wpr-jarallax-no wpr-parallax-no wpr-sticky-section-no\" data-id=\"00f396a\" data-element_type=\"section\" data-e-type=\"section\" data-settings=\"{&quot;background_background&quot;:&quot;classic&quot;}\">\n\t\t\t\t\t\t<div class=\"elementor-container elementor-column-gap-wide\">\n\t\t\t\t\t<div class=\"elementor-column elementor-col-100 elementor-top-column elementor-element elementor-element-e6a0ee7\" data-id=\"e6a0ee7\" data-element_type=\"column\" data-e-type=\"column\">\n\t\t\t<div class=\"elementor-widget-wrap elementor-element-populated\">\n\t\t\t\t\t\t<div class=\"elementor-element elementor-element-c037749 elementor-widget elementor-widget-spacer\" data-id=\"c037749\" data-element_type=\"widget\" data-e-type=\"widget\" data-widget_type=\"spacer.default\">\n\t\t\t\t<div class=\"elementor-widget-container\">\n\t\t\t\t\t\t\t<div class=\"elementor-spacer\">\n\t\t\t<div class=\"elementor-spacer-inner\"><\/div>\n\t\t<\/div>\n\t\t\t\t\t\t<\/div>\n\t\t\t\t<\/div>\n\t\t\t\t<div class=\"elementor-element elementor-element-1b3d590 elementor-widget elementor-widget-heading\" data-id=\"1b3d590\" data-element_type=\"widget\" data-e-type=\"widget\" data-widget_type=\"heading.default\">\n\t\t\t\t<div class=\"elementor-widget-container\">\n\t\t\t\t\t<h2 class=\"elementor-heading-title elementor-size-default\">Caracter\u00edsticas:<\/h2>\t\t\t\t<\/div>\n\t\t\t\t<\/div>\n\t\t\t\t<div class=\"elementor-element elementor-element-071e287 elementor-widget elementor-widget-spacer\" data-id=\"071e287\" data-element_type=\"widget\" data-e-type=\"widget\" data-widget_type=\"spacer.default\">\n\t\t\t\t<div class=\"elementor-widget-container\">\n\t\t\t\t\t\t\t<div class=\"elementor-spacer\">\n\t\t\t<div class=\"elementor-spacer-inner\"><\/div>\n\t\t<\/div>\n\t\t\t\t\t\t<\/div>\n\t\t\t\t<\/div>\n\t\t\t\t<div class=\"elementor-element elementor-element-6d0387c elementor-icon-list--layout-traditional elementor-list-item-link-full_width elementor-widget elementor-widget-icon-list\" data-id=\"6d0387c\" data-element_type=\"widget\" data-e-type=\"widget\" data-widget_type=\"icon-list.default\">\n\t\t\t\t<div class=\"elementor-widget-container\">\n\t\t\t\t\t\t\t<ul class=\"elementor-icon-list-items\">\n\t\t\t\t\t\t\t<li class=\"elementor-icon-list-item\">\n\t\t\t\t\t\t\t\t\t\t\t<span class=\"elementor-icon-list-icon\">\n\t\t\t\t\t\t\t<i aria-hidden=\"true\" class=\"fas fa-check\"><\/i>\t\t\t\t\t\t<\/span>\n\t\t\t\t\t\t\t\t\t\t<span class=\"elementor-icon-list-text\">FECHA: Todo el a\u00f1o, salvo que la nieva no permita circular por las pistas.<\/span>\n\t\t\t\t\t\t\t\t\t<\/li>\n\t\t\t\t\t\t\t\t<li class=\"elementor-icon-list-item\">\n\t\t\t\t\t\t\t\t\t\t\t<span class=\"elementor-icon-list-icon\">\n\t\t\t\t\t\t\t<i aria-hidden=\"true\" class=\"fas fa-check\"><\/i>\t\t\t\t\t\t<\/span>\n\t\t\t\t\t\t\t\t\t\t<span class=\"elementor-icon-list-text\">UBICACI\u00d3N: Parque Natural Monta\u00f1a Palentina<\/span>\n\t\t\t\t\t\t\t\t\t<\/li>\n\t\t\t\t\t\t\t\t<li class=\"elementor-icon-list-item\">\n\t\t\t\t\t\t\t\t\t\t\t<span class=\"elementor-icon-list-icon\">\n\t\t\t\t\t\t\t<i aria-hidden=\"true\" class=\"fas fa-check\"><\/i>\t\t\t\t\t\t<\/span>\n\t\t\t\t\t\t\t\t\t\t<span class=\"elementor-icon-list-text\">PRECIO: Desde 30 euros por persona<\/span>\n\t\t\t\t\t\t\t\t\t<\/li>\n\t\t\t\t\t\t\t\t<li class=\"elementor-icon-list-item\">\n\t\t\t\t\t\t\t\t\t\t\t<span class=\"elementor-icon-list-icon\">\n\t\t\t\t\t\t\t<i aria-hidden=\"true\" class=\"fas fa-check\"><\/i>\t\t\t\t\t\t<\/span>\n\t\t\t\t\t\t\t\t\t\t<span class=\"elementor-icon-list-text\">TAMA\u00d1O GRUPO: M\u00e1x. 6 personas<\/span>\n\t\t\t\t\t\t\t\t\t<\/li>\n\t\t\t\t\t\t\t\t<li class=\"elementor-icon-list-item\">\n\t\t\t\t\t\t\t\t\t\t\t<span class=\"elementor-icon-list-icon\">\n\t\t\t\t\t\t\t<i aria-hidden=\"true\" class=\"fas fa-check\"><\/i>\t\t\t\t\t\t<\/span>\n\t\t\t\t\t\t\t\t\t\t<span class=\"elementor-icon-list-text\">DURACI\u00d3N APROXIMADA: 3-5 horas. Dise\u00f1o de itinerarios a medida. Consultar.<\/span>\n\t\t\t\t\t\t\t\t\t<\/li>\n\t\t\t\t\t\t<\/ul>\n\t\t\t\t\t\t<\/div>\n\t\t\t\t<\/div>\n\t\t\t\t<div class=\"elementor-element elementor-element-24a81ff elementor-widget elementor-widget-spacer\" data-id=\"24a81ff\" data-element_type=\"widget\" data-e-type=\"widget\" data-widget_type=\"spacer.default\">\n\t\t\t\t<div class=\"elementor-widget-container\">\n\t\t\t\t\t\t\t<div class=\"elementor-spacer\">\n\t\t\t<div class=\"elementor-spacer-inner\"><\/div>\n\t\t<\/div>\n\t\t\t\t\t\t<\/div>\n\t\t\t\t<\/div>\n\t\t\t\t<div class=\"elementor-element elementor-element-79d4e36 elementor-widget elementor-widget-spacer\" data-id=\"79d4e36\" data-element_type=\"widget\" data-e-type=\"widget\" data-widget_type=\"spacer.default\">\n\t\t\t\t<div class=\"elementor-widget-container\">\n\t\t\t\t\t\t\t<div class=\"elementor-spacer\">\n\t\t\t<div class=\"elementor-spacer-inner\"><\/div>\n\t\t<\/div>\n\t\t\t\t\t\t<\/div>\n\t\t\t\t<\/div>\n\t\t\t\t\t<\/div>\n\t\t<\/div>\n\t\t\t\t\t<\/div>\n\t\t<\/section>\n\t\t\t\t<section class=\"elementor-section elementor-top-section elementor-element elementor-element-5792790 elementor-section-boxed elementor-section-height-default elementor-section-height-default wpr-particle-no wpr-jarallax-no wpr-parallax-no wpr-sticky-section-no\" data-id=\"5792790\" data-element_type=\"section\" data-e-type=\"section\" data-settings=\"{&quot;background_background&quot;:&quot;classic&quot;}\">\n\t\t\t\t\t\t<div class=\"elementor-container elementor-column-gap-default\">\n\t\t\t\t\t<div class=\"elementor-column elementor-col-100 elementor-top-column elementor-element elementor-element-301fc8c\" data-id=\"301fc8c\" data-element_type=\"column\" data-e-type=\"column\">\n\t\t\t<div class=\"elementor-widget-wrap elementor-element-populated\">\n\t\t\t\t\t\t<section class=\"elementor-section elementor-inner-section elementor-element elementor-element-531f15f elementor-section-boxed elementor-section-height-default elementor-section-height-default wpr-particle-no wpr-jarallax-no wpr-parallax-no wpr-sticky-section-no\" data-id=\"531f15f\" data-element_type=\"section\" data-e-type=\"section\">\n\t\t\t\t\t\t<div class=\"elementor-container elementor-column-gap-default\">\n\t\t\t\t\t<div class=\"elementor-column elementor-col-100 elementor-inner-column elementor-element elementor-element-0acd6cc\" data-id=\"0acd6cc\" data-element_type=\"column\" data-e-type=\"column\" data-settings=\"{&quot;background_background&quot;:&quot;classic&quot;}\">\n\t\t\t<div class=\"elementor-widget-wrap elementor-element-populated\">\n\t\t\t\t\t\t<div class=\"elementor-element elementor-element-b766a8f wpr-price-list-old-position-before elementor-widget elementor-widget-wpr-price-list\" data-id=\"b766a8f\" data-element_type=\"widget\" data-e-type=\"widget\" data-widget_type=\"wpr-price-list.default\">\n\t\t\t\t<div class=\"elementor-widget-container\">\n\t\t\t\t\t\n\t\t<div class=\"wpr-price-list\">\n\t\t\t\n\t\t\t\n\t\t\t\t<div class=\"wpr-price-list-item elementor-repeater-item-8523e1a elementor-clearfix\">\n\t\t\t\t\t\t\t\n\t\t\t\t\n\t\t\t\t\t<div class=\"wpr-price-list-content\">\n\t\t\t\t\t\t\n\t\t\t\t\t\t<div class=\"wpr-price-list-heading\">\n\t\t\t\t\t\t\t\n\t\t\t\t\t\t\t\t\t\t\t\t\t\t\t\n\t\t\t\t\t\t\t<span class=\"wpr-price-list-title\">\u00bfQu\u00e9 incluye?<\/span>\t\t\t\t\t\t\t\n\t\t\t\t\t\t\t\t\t\t\t\t\t\t\n\t\t\t\t\t\t\t\t\t\t\t\t\t\n\t\t\t\t\t\t\t\t<span class=\"wpr-price-list-separator\"><\/span>\n\t\t\t\t\t\t\t\n\t\t\t\t\t\t\t\n\t\t\t\t\t\t<\/div>\n\t\t\t\t\t\t\n\t\t\t\t\t\t\t\t\t\t\t\t\t<div class=\"wpr-price-list-description\">Incluye desplazamiento en nuestro 4\u00d74, pr\u00e9stamos de material \u00f3ptico individual y visita guiada a la Casa del Parque, Centro de Interpretaci\u00f3n del Parque Natural Monta\u00f1a Palentina y su expo \u201czona oso\u201d.<\/div>\n\t\t\t\t\t\t\t\t\t\t\t<\/div>\n\n\t\t\t\t<\/div>\n\n\t\t\t\t\n\t\t\t\t<div class=\"wpr-price-list-item elementor-repeater-item-6dbc07e elementor-clearfix\">\n\t\t\t\t\t\t\t\n\t\t\t\t\n\t\t\t\t\t<div class=\"wpr-price-list-content\">\n\t\t\t\t\t\t\n\t\t\t\t\t\t<div class=\"wpr-price-list-heading\">\n\t\t\t\t\t\t\t\n\t\t\t\t\t\t\t\t\t\t\t\t\t\t\t\n\t\t\t\t\t\t\t<span class=\"wpr-price-list-title\">\u00bfD\u00f3nde nos encontraremos?<\/span>\t\t\t\t\t\t\t\n\t\t\t\t\t\t\t\t\t\t\t\t\t\t\n\t\t\t\t\t\t\t\t\t\t\t\t\t\n\t\t\t\t\t\t\t\t<span class=\"wpr-price-list-separator\"><\/span>\n\t\t\t\t\t\t\t\n\t\t\t\t\t\t\t\n\t\t\t\t\t\t<\/div>\n\t\t\t\t\t\t\n\t\t\t\t\t\t\t\t\t\t\t\t\t<div class=\"wpr-price-list-description\">Nos adaptamos al mejor punto seg\u00fan el tipo de salida que hagamos. Te enviaremos el enlace de localizaci\u00f3n cuando concretemos la reserva. <\/div>\n\t\t\t\t\t\t\t\t\t\t\t<\/div>\n\n\t\t\t\t<\/div>\n\n\t\t\t\t\n\t\t\t\t<div class=\"wpr-price-list-item elementor-repeater-item-d3393e7 elementor-clearfix\">\n\t\t\t\t\t\t\t\n\t\t\t\t\n\t\t\t\t\t<div class=\"wpr-price-list-content\">\n\t\t\t\t\t\t\n\t\t\t\t\t\t<div class=\"wpr-price-list-heading\">\n\t\t\t\t\t\t\t\n\t\t\t\t\t\t\t\t\t\t\t\t\t\t\t\n\t\t\t\t\t\t\t<span class=\"wpr-price-list-title\">\u00bfQu\u00e9 pasa si hay mal tiempo?<\/span>\t\t\t\t\t\t\t\n\t\t\t\t\t\t\t\t\t\t\t\t\t\t\n\t\t\t\t\t\t\t\t\t\t\t\t\t\n\t\t\t\t\t\t\t\t<span class=\"wpr-price-list-separator\"><\/span>\n\t\t\t\t\t\t\t\n\t\t\t\t\t\t\t\n\t\t\t\t\t\t<\/div>\n\t\t\t\t\t\t\n\t\t\t\t\t\t\t\t\t\t\t\t\t<div class=\"wpr-price-list-description\">Rara vez cancelamos si hay mal tiempo. Al contrario, la salida puede convertirse en una aventura muy emocionante y nuestra experiencia garantiza la seguridad necesaria. En caso de tener que cancelar se devuelve el 100%  de la reserva hecha.<\/div>\n\t\t\t\t\t\t\t\t\t\t\t<\/div>\n\n\t\t\t\t<\/div>\n\n\t\t\t\t\n\t\t\t\t<div class=\"wpr-price-list-item elementor-repeater-item-544b940 elementor-clearfix\">\n\t\t\t\t\t\t\t\n\t\t\t\t\n\t\t\t\t\t<div class=\"wpr-price-list-content\">\n\t\t\t\t\t\t\n\t\t\t\t\t\t<div class=\"wpr-price-list-heading\">\n\t\t\t\t\t\t\t\n\t\t\t\t\t\t\t\t\t\t\t\t\t\t\t\n\t\t\t\t\t\t\t<span class=\"wpr-price-list-title\">\u00bfHay un m\u00ednimo de participantes para que se haga la salida?<\/span>\t\t\t\t\t\t\t\n\t\t\t\t\t\t\t\t\t\t\t\t\t\t\n\t\t\t\t\t\t\t\t\t\t\t\t\t\n\t\t\t\t\t\t\t\t<span class=\"wpr-price-list-separator\"><\/span>\n\t\t\t\t\t\t\t\n\t\t\t\t\t\t\t\n\t\t\t\t\t\t<\/div>\n\t\t\t\t\t\t\n\t\t\t\t\t\t\t\t\t\t\t\t\t<div class=\"wpr-price-list-description\">Se pacta en cada experiencia, a veces nos han pedido salidas exclusivas, adapt\u00e1ndonos a cada grupo. <\/div>\n\t\t\t\t\t\t\t\t\t\t\t<\/div>\n\n\t\t\t\t<\/div>\n\n\t\t\t\t\n\t\t\t\t<div class=\"wpr-price-list-item elementor-repeater-item-3b2ab3b elementor-clearfix\">\n\t\t\t\t\t\t\t\n\t\t\t\t\n\t\t\t\t\t<div class=\"wpr-price-list-content\">\n\t\t\t\t\t\t\n\t\t\t\t\t\t<div class=\"wpr-price-list-heading\">\n\t\t\t\t\t\t\t\n\t\t\t\t\t\t\t\t\t\t\t\t\t\t\t\n\t\t\t\t\t\t\t<span class=\"wpr-price-list-title\">\u00bfEs necesaria alguna autorizaci\u00f3n?<\/span>\t\t\t\t\t\t\t\n\t\t\t\t\t\t\t\t\t\t\t\t\t\t\n\t\t\t\t\t\t\t\t\t\t\t\t\t\n\t\t\t\t\t\t\t\t<span class=\"wpr-price-list-separator\"><\/span>\n\t\t\t\t\t\t\t\n\t\t\t\t\t\t\t\n\t\t\t\t\t\t<\/div>\n\t\t\t\t\t\t\n\t\t\t\t\t\t\t\t\t\t\t\t\t<div class=\"wpr-price-list-description\">Si, pero la gestionamos nosotros. Al ser una empresa adherida a la Carta Europea de Turismo Sostenible tenemos autorizaci\u00f3n para entrar al espacio natural protegido.<\/div>\n\t\t\t\t\t\t\t\t\t\t\t<\/div>\n\n\t\t\t\t<\/div>\n\n\t\t\t\t\n\t\t\t\t<div class=\"wpr-price-list-item elementor-repeater-item-54a91a7 elementor-clearfix\">\n\t\t\t\t\t\t\t\n\t\t\t\t\n\t\t\t\t\t<div class=\"wpr-price-list-content\">\n\t\t\t\t\t\t\n\t\t\t\t\t\t<div class=\"wpr-price-list-heading\">\n\t\t\t\t\t\t\t\n\t\t\t\t\t\t\t\t\t\t\t\t\t\t\t\n\t\t\t\t\t\t\t<span class=\"wpr-price-list-title\">\u00bfQu\u00e9 hay que llevar?<\/span>\t\t\t\t\t\t\t\n\t\t\t\t\t\t\t\t\t\t\t\t\t\t\n\t\t\t\t\t\t\t\t\t\t\t\t\t\n\t\t\t\t\t\t\t\t<span class=\"wpr-price-list-separator\"><\/span>\n\t\t\t\t\t\t\t\n\t\t\t\t\t\t\t\n\t\t\t\t\t\t<\/div>\n\t\t\t\t\t\t\n\t\t\t\t\t\t\t\t\t\t\t\t\t<div class=\"wpr-price-list-description\">Ropa c\u00f3moda y de abrigo, si puede ser de tonos oscuros, guantes y gorro (quiz\u00e1s no haga falta, pero mejor que sobre), calzado de monta\u00f1a y agua.<\/div>\n\t\t\t\t\t\t\t\t\t\t\t<\/div>\n\n\t\t\t\t<\/div>\n\n\t\t\t\t\n\t\t\t\t<div class=\"wpr-price-list-item elementor-repeater-item-06c440d elementor-clearfix\">\n\t\t\t\t\t\t\t\n\t\t\t\t\n\t\t\t\t\t<div class=\"wpr-price-list-content\">\n\t\t\t\t\t\t\n\t\t\t\t\t\t<div class=\"wpr-price-list-heading\">\n\t\t\t\t\t\t\t\n\t\t\t\t\t\t\t\t\t\t\t\t\t\t\t\n\t\t\t\t\t\t\t<span class=\"wpr-price-list-title\">\u00bfPuedo cancelar?<\/span>\t\t\t\t\t\t\t\n\t\t\t\t\t\t\t\t\t\t\t\t\t\t\n\t\t\t\t\t\t\t\t\t\t\t\t\t\n\t\t\t\t\t\t\t\t<span class=\"wpr-price-list-separator\"><\/span>\n\t\t\t\t\t\t\t\n\t\t\t\t\t\t\t\n\t\t\t\t\t\t<\/div>\n\t\t\t\t\t\t\n\t\t\t\t\t\t\t\t\t\t\t\t\t<div class=\"wpr-price-list-description\">S\u00ed, sabemos que siempre puede haber un imprevisto. Con m\u00e1s de 48 horas de antelaci\u00f3n no habr\u00e1 coste alguno. Los grupos reducidos a veces dejan a personas sin plaza por lo que si no nos avisas cobraremos el 100% de la reserva, es decir, el 50% del precio de la actividad.<\/div>\n\t\t\t\t\t\t\t\t\t\t\t<\/div>\n\n\t\t\t\t<\/div>\n\n\t\t\t\t\n\t\t\t\t<div class=\"wpr-price-list-item elementor-repeater-item-8d53cbb elementor-clearfix\">\n\t\t\t\t\t\t\t\n\t\t\t\t\n\t\t\t\t\t<div class=\"wpr-price-list-content\">\n\t\t\t\t\t\t\n\t\t\t\t\t\t<div class=\"wpr-price-list-heading\">\n\t\t\t\t\t\t\t\n\t\t\t\t\t\t\t\t\t\t\t\t\t\t\t\n\t\t\t\t\t\t\t<span class=\"wpr-price-list-title\">\u00bfPuedo llevar mi mascota?<\/span>\t\t\t\t\t\t\t\n\t\t\t\t\t\t\t\t\t\t\t\t\t\t\n\t\t\t\t\t\t\t\t\t\t\t\t\t\n\t\t\t\t\t\t\t\t<span class=\"wpr-price-list-separator\"><\/span>\n\t\t\t\t\t\t\t\n\t\t\t\t\t\t\t\n\t\t\t\t\t\t<\/div>\n\t\t\t\t\t\t\n\t\t\t\t\t\t\t\t\t\t\t\t\t<div class=\"wpr-price-list-description\">No, al ser una actividad de observaci\u00f3n de fauna no se puede llevar mascotas. <\/div>\n\t\t\t\t\t\t\t\t\t\t\t<\/div>\n\n\t\t\t\t<\/div>\n\n\t\t\t\t\t\t<\/div>\n\t\t\t\t\t\t<\/div>\n\t\t\t\t<\/div>\n\t\t\t\t\t<\/div>\n\t\t<\/div>\n\t\t\t\t\t<\/div>\n\t\t<\/section>\n\t\t\t\t\t<\/div>\n\t\t<\/div>\n\t\t\t\t\t<\/div>\n\t\t<\/section>\n\t\t\t\t<section class=\"elementor-section elementor-top-section elementor-element elementor-element-e6e8c96 elementor-section-boxed elementor-section-height-default elementor-section-height-default wpr-particle-no wpr-jarallax-no wpr-parallax-no wpr-sticky-section-no\" data-id=\"e6e8c96\" data-element_type=\"section\" data-e-type=\"section\">\n\t\t\t\t\t\t<div class=\"elementor-container elementor-column-gap-default\">\n\t\t\t\t\t<div class=\"elementor-column elementor-col-100 elementor-top-column elementor-element elementor-element-d009550\" data-id=\"d009550\" data-element_type=\"column\" data-e-type=\"column\">\n\t\t\t<div class=\"elementor-widget-wrap elementor-element-populated\">\n\t\t\t\t\t\t<div class=\"elementor-element elementor-element-02187d2 elementor-widget elementor-widget-spacer\" data-id=\"02187d2\" data-element_type=\"widget\" data-e-type=\"widget\" data-widget_type=\"spacer.default\">\n\t\t\t\t<div class=\"elementor-widget-container\">\n\t\t\t\t\t\t\t<div class=\"elementor-spacer\">\n\t\t\t<div class=\"elementor-spacer-inner\"><\/div>\n\t\t<\/div>\n\t\t\t\t\t\t<\/div>\n\t\t\t\t<\/div>\n\t\t\t\t\t<\/div>\n\t\t<\/div>\n\t\t\t\t\t<\/div>\n\t\t<\/section>\n\t\t\t\t<section class=\"elementor-section elementor-top-section elementor-element elementor-element-7075315 elementor-hidden-desktop elementor-hidden-tablet elementor-hidden-mobile elementor-section-boxed elementor-section-height-default elementor-section-height-default wpr-particle-no wpr-jarallax-no wpr-parallax-no wpr-sticky-section-no\" data-id=\"7075315\" data-element_type=\"section\" data-e-type=\"section\">\n\t\t\t\t\t\t<div class=\"elementor-container elementor-column-gap-default\">\n\t\t\t\t\t<div class=\"elementor-column elementor-col-100 elementor-top-column elementor-element elementor-element-95b6a96\" data-id=\"95b6a96\" data-element_type=\"column\" data-e-type=\"column\">\n\t\t\t<div class=\"elementor-widget-wrap elementor-element-populated\">\n\t\t\t\t\t\t<div class=\"elementor-element elementor-element-44afa7a elementor-widget elementor-widget-text-editor\" data-id=\"44afa7a\" data-element_type=\"widget\" data-e-type=\"widget\" data-widget_type=\"text-editor.default\">\n\t\t\t\t<div class=\"elementor-widget-container\">\n\t\t\t\t\t\t\t\t\t<p>Rutas interpretadas en 4&#215;4 para observaci\u00f3n de la berrea del ciervo en el Parque Natural Monta\u00f1a Palentina<\/p><p>Descripci\u00f3n: te llevamos en nuestro todoterreno a descubrir los rincones m\u00e1s especiales del Parque Natural Monta\u00f1a Palentina para conocer de la mano de nuestros gu\u00edas, el comportamiento de los ciervos durante su periodo de celo; marcajes, peleas entre machos, defensa del har\u00e9n de hembras, etc.<\/p><p>Grupos reducidos de 6 personas. Incluye pr\u00e9stamos de material \u00f3ptico individual y visita guiada a la Casa del Parque, centro de interpretaci\u00f3n del Parque Natural y su expo \u201czona oso\u201d.<\/p><p>M\u00e1s informaci\u00f3n y reservas:\u00a0<strong>686192974<\/strong><\/p><p><script src=\"moz-extension:\/\/f1e686c7-b319-4d06-acac-a326b7bc9c0c\/js\/app.js\" type=\"text\/javascript\"><\/script><\/p><p><script src=\"moz-extension:\/\/f1e686c7-b319-4d06-acac-a326b7bc9c0c\/js\/app.js\" type=\"text\/javascript\"><\/script><\/p>\t\t\t\t\t\t\t\t<\/div>\n\t\t\t\t<\/div>\n\t\t\t\t\t<\/div>\n\t\t<\/div>\n\t\t\t\t\t<\/div>\n\t\t<\/section>\n\t\t\t\t<section class=\"elementor-section elementor-top-section elementor-element elementor-element-f63cc21 elementor-section-boxed elementor-section-height-default elementor-section-height-default wpr-particle-no wpr-jarallax-no wpr-parallax-no wpr-sticky-section-no\" data-id=\"f63cc21\" data-element_type=\"section\" data-e-type=\"section\">\n\t\t\t\t\t\t<div class=\"elementor-container elementor-column-gap-wide\">\n\t\t\t\t\t<div class=\"elementor-column elementor-col-50 elementor-top-column elementor-element elementor-element-92a138c\" data-id=\"92a138c\" data-element_type=\"column\" data-e-type=\"column\">\n\t\t\t<div class=\"elementor-widget-wrap elementor-element-populated\">\n\t\t\t\t\t\t<div class=\"elementor-element elementor-element-a22d801 elementor-widget elementor-widget-heading\" data-id=\"a22d801\" data-element_type=\"widget\" data-e-type=\"widget\" data-widget_type=\"heading.default\">\n\t\t\t\t<div class=\"elementor-widget-container\">\n\t\t\t\t\t<h2 class=\"elementor-heading-title elementor-size-default\">Galer\u00eda de im\u00e1genes de la actividad<\/h2>\t\t\t\t<\/div>\n\t\t\t\t<\/div>\n\t\t\t\t<div class=\"elementor-element elementor-element-ed90c82 elementor-widget elementor-widget-button\" data-id=\"ed90c82\" data-element_type=\"widget\" data-e-type=\"widget\" data-widget_type=\"button.default\">\n\t\t\t\t<div class=\"elementor-widget-container\">\n\t\t\t\t\t\t\t\t\t<div class=\"elementor-button-wrapper\">\n\t\t\t\t\t<a class=\"elementor-button elementor-button-link elementor-size-sm\" href=\"#\">\n\t\t\t\t\t\t<span class=\"elementor-button-content-wrapper\">\n\t\t\t\t\t\t\t\t\t<span class=\"elementor-button-text\">Contactar por WhatsApp<\/span>\n\t\t\t\t\t<\/span>\n\t\t\t\t\t<\/a>\n\t\t\t\t<\/div>\n\t\t\t\t\t\t\t\t<\/div>\n\t\t\t\t<\/div>\n\t\t\t\t\t<\/div>\n\t\t<\/div>\n\t\t\t\t<div class=\"elementor-column elementor-col-50 elementor-top-column elementor-element elementor-element-5dedd6c\" data-id=\"5dedd6c\" data-element_type=\"column\" data-e-type=\"column\">\n\t\t\t<div class=\"elementor-widget-wrap elementor-element-populated\">\n\t\t\t\t\t\t<div class=\"elementor-element elementor-element-9afc7b1 wpr-grid-columns-3 wpr-grid-columns--tablet3 wpr-grid-columns--mobile1 wpr-grid-pagination-center elementor-widget elementor-widget-wpr-media-grid\" data-id=\"9afc7b1\" data-element_type=\"widget\" data-e-type=\"widget\" data-widget_type=\"wpr-media-grid.default\">\n\t\t\t\t<div class=\"elementor-widget-container\">\n\t\t\t\t\t<section class=\"wpr-grid wpr-media-grid elementor-clearfix\" data-settings=\"{&quot;layout&quot;:&quot;masonry&quot;,&quot;columns_desktop&quot;:&quot;3&quot;,&quot;gutter_hr&quot;:10,&quot;gutter_hr_mobile&quot;:10,&quot;gutter_hr_mobile_extra&quot;:10,&quot;gutter_hr_tablet&quot;:10,&quot;gutter_hr_tablet_extra&quot;:10,&quot;gutter_hr_laptop&quot;:10,&quot;gutter_hr_widescreen&quot;:10,&quot;gutter_vr&quot;:10,&quot;gutter_vr_mobile&quot;:10,&quot;gutter_vr_mobile_extra&quot;:10,&quot;gutter_vr_tablet&quot;:10,&quot;gutter_vr_tablet_extra&quot;:10,&quot;gutter_vr_laptop&quot;:10,&quot;gutter_vr_widescreen&quot;:10,&quot;animation&quot;:&quot;default&quot;,&quot;animation_duration&quot;:0.3,&quot;animation_delay&quot;:0.1,&quot;deeplinking&quot;:&quot;&quot;,&quot;filters_default_filter&quot;:&quot;&quot;,&quot;filters_linkable&quot;:&quot;no&quot;,&quot;filters_count&quot;:&quot;&quot;,&quot;filters_hide_empty&quot;:&quot;no&quot;,&quot;filters_animation&quot;:&quot;default&quot;,&quot;filters_animation_duration&quot;:0.3,&quot;filters_animation_delay&quot;:0.1,&quot;pagination_type&quot;:&quot;load-more&quot;,&quot;pagination_max_pages&quot;:1,&quot;lightbox&quot;:{&quot;selector&quot;:&quot;.wpr-grid-image-wrap&quot;,&quot;iframeMaxWidth&quot;:&quot;60%&quot;,&quot;hash&quot;:false,&quot;autoplay&quot;:&quot;&quot;,&quot;pause&quot;:5000,&quot;progressBar&quot;:&quot;true&quot;,&quot;counter&quot;:&quot;&quot;,&quot;controls&quot;:&quot;true&quot;,&quot;getCaptionFromTitleOrAlt&quot;:&quot;&quot;,&quot;thumbnail&quot;:&quot;&quot;,&quot;showThumbByDefault&quot;:&quot;&quot;,&quot;share&quot;:&quot;&quot;,&quot;zoom&quot;:&quot;true&quot;,&quot;fullScreen&quot;:&quot;&quot;,&quot;download&quot;:&quot;true&quot;}}\"><article class=\"wpr-grid-item elementor-clearfix post-1245 attachment type-attachment status-inherit hentry\"><div class=\"wpr-grid-item-inner\"><div class=\"wpr-grid-media-wrap wpr-effect-size-small \"><div class=\"wpr-grid-image-wrap\" data-src=\"https:\/\/xn--montaapalentinaecoturismo-doc.com\/wp-content\/uploads\/2023\/07\/gea-600x6003-1.jpg\"><img decoding=\"async\" src=\"https:\/\/xn--montaapalentinaecoturismo-doc.com\/wp-content\/uploads\/2023\/07\/gea-600x6003-1.jpg\" alt=\"gea-600&#215;600(3)\" class=\"wpr-anim-timing-ease-default\"><\/div><div class=\"wpr-grid-media-hover wpr-animation-wrap\"><div class=\"wpr-grid-media-hover-bg  wpr-overlay-fade-in wpr-anim-size-large wpr-anim-timing-ease-default wpr-anim-transparency\" data-url=\"https:\/\/xn--montaapalentinaecoturismo-doc.com\/index.php\/home-nature-v1\/gea-600x6003\/\"><\/div><div class=\"wpr-cv-container\"><div class=\"wpr-cv-outer\"><div class=\"wpr-cv-inner\"><div class=\"wpr-grid-media-hover-middle elementor-clearfix\"><div class=\"wpr-grid-item-lightbox elementor-repeater-item-4bbe6e0 wpr-grid-item-display-block wpr-grid-item-align-center wpr-element-fade-in wpr-anim-size-large wpr-anim-timing-ease-default wpr-anim-transparency\"><div class=\"inner-block\"><span data-src=\"https:\/\/xn--montaapalentinaecoturismo-doc.com\/wp-content\/uploads\/2023\/07\/gea-600x6003-1.jpg\"><i class=\"fas fa-expand-arrows-alt\"><\/i><\/span><div class=\"wpr-grid-lightbox-overlay\"><\/div><\/div><\/div><\/div><\/div><\/div><\/div><\/div><\/div><\/div><\/article><article class=\"wpr-grid-item elementor-clearfix post-1516 attachment type-attachment status-inherit hentry\"><div class=\"wpr-grid-item-inner\"><div class=\"wpr-grid-media-wrap wpr-effect-size-small \"><div class=\"wpr-grid-image-wrap\" data-src=\"https:\/\/xn--montaapalentinaecoturismo-doc.com\/wp-content\/uploads\/2023\/07\/Gea-Forestal-1.png\"><img decoding=\"async\" src=\"https:\/\/xn--montaapalentinaecoturismo-doc.com\/wp-content\/uploads\/2023\/07\/Gea-Forestal-1.png\" alt=\"Gea Forestal (1)\" class=\"wpr-anim-timing-ease-default\"><\/div><div class=\"wpr-grid-media-hover wpr-animation-wrap\"><div class=\"wpr-grid-media-hover-bg  wpr-overlay-fade-in wpr-anim-size-large wpr-anim-timing-ease-default wpr-anim-transparency\" data-url=\"https:\/\/xn--montaapalentinaecoturismo-doc.com\/index.php\/rutas-observacion-fauna\/gea-forestal-1\/\"><\/div><div class=\"wpr-cv-container\"><div class=\"wpr-cv-outer\"><div class=\"wpr-cv-inner\"><div class=\"wpr-grid-media-hover-middle elementor-clearfix\"><div class=\"wpr-grid-item-lightbox elementor-repeater-item-4bbe6e0 wpr-grid-item-display-block wpr-grid-item-align-center wpr-element-fade-in wpr-anim-size-large wpr-anim-timing-ease-default wpr-anim-transparency\"><div class=\"inner-block\"><span data-src=\"https:\/\/xn--montaapalentinaecoturismo-doc.com\/wp-content\/uploads\/2023\/07\/Gea-Forestal-1.png\"><i class=\"fas fa-expand-arrows-alt\"><\/i><\/span><div class=\"wpr-grid-lightbox-overlay\"><\/div><\/div><\/div><\/div><\/div><\/div><\/div><\/div><\/div><\/div><\/article><article class=\"wpr-grid-item elementor-clearfix post-1248 attachment type-attachment status-inherit hentry\"><div class=\"wpr-grid-item-inner\"><div class=\"wpr-grid-media-wrap wpr-effect-size-small \"><div class=\"wpr-grid-image-wrap\" data-src=\"https:\/\/xn--montaapalentinaecoturismo-doc.com\/wp-content\/uploads\/2023\/07\/gea-900x6002-1.jpg\"><img decoding=\"async\" src=\"https:\/\/xn--montaapalentinaecoturismo-doc.com\/wp-content\/uploads\/2023\/07\/gea-900x6002-1.jpg\" alt=\"gea-900&#215;6002)\" class=\"wpr-anim-timing-ease-default\"><\/div><div class=\"wpr-grid-media-hover wpr-animation-wrap\"><div class=\"wpr-grid-media-hover-bg  wpr-overlay-fade-in wpr-anim-size-large wpr-anim-timing-ease-default wpr-anim-transparency\" data-url=\"https:\/\/xn--montaapalentinaecoturismo-doc.com\/index.php\/home-nature-v1\/gea-900x6002\/\"><\/div><div class=\"wpr-cv-container\"><div class=\"wpr-cv-outer\"><div class=\"wpr-cv-inner\"><div class=\"wpr-grid-media-hover-middle elementor-clearfix\"><div class=\"wpr-grid-item-lightbox elementor-repeater-item-4bbe6e0 wpr-grid-item-display-block wpr-grid-item-align-center wpr-element-fade-in wpr-anim-size-large wpr-anim-timing-ease-default wpr-anim-transparency\"><div class=\"inner-block\"><span data-src=\"https:\/\/xn--montaapalentinaecoturismo-doc.com\/wp-content\/uploads\/2023\/07\/gea-900x6002-1.jpg\"><i class=\"fas fa-expand-arrows-alt\"><\/i><\/span><div class=\"wpr-grid-lightbox-overlay\"><\/div><\/div><\/div><\/div><\/div><\/div><\/div><\/div><\/div><\/div><\/article><article class=\"wpr-grid-item elementor-clearfix post-1016 attachment type-attachment status-inherit hentry\"><div class=\"wpr-grid-item-inner\"><div class=\"wpr-grid-media-wrap wpr-effect-size-small \"><div class=\"wpr-grid-image-wrap\" data-src=\"https:\/\/xn--montaapalentinaecoturismo-doc.com\/wp-content\/uploads\/2023\/06\/img02-1.png\"><img decoding=\"async\" src=\"https:\/\/xn--montaapalentinaecoturismo-doc.com\/wp-content\/uploads\/2023\/06\/img02-1.png\" alt=\"img02\" class=\"wpr-anim-timing-ease-default\"><\/div><div class=\"wpr-grid-media-hover wpr-animation-wrap\"><div class=\"wpr-grid-media-hover-bg  wpr-overlay-fade-in wpr-anim-size-large wpr-anim-timing-ease-default wpr-anim-transparency\" data-url=\"https:\/\/xn--montaapalentinaecoturismo-doc.com\/index.php\/home-nature-v1\/img02-2\/\"><\/div><div class=\"wpr-cv-container\"><div class=\"wpr-cv-outer\"><div class=\"wpr-cv-inner\"><div class=\"wpr-grid-media-hover-middle elementor-clearfix\"><div class=\"wpr-grid-item-lightbox elementor-repeater-item-4bbe6e0 wpr-grid-item-display-block wpr-grid-item-align-center wpr-element-fade-in wpr-anim-size-large wpr-anim-timing-ease-default wpr-anim-transparency\"><div class=\"inner-block\"><span data-src=\"https:\/\/xn--montaapalentinaecoturismo-doc.com\/wp-content\/uploads\/2023\/06\/img02-1.png\"><i class=\"fas fa-expand-arrows-alt\"><\/i><\/span><div class=\"wpr-grid-lightbox-overlay\"><\/div><\/div><\/div><\/div><\/div><\/div><\/div><\/div><\/div><\/div><\/article><article class=\"wpr-grid-item elementor-clearfix post-877 attachment type-attachment status-inherit hentry\"><div class=\"wpr-grid-item-inner\"><div class=\"wpr-grid-media-wrap wpr-effect-size-small \"><div class=\"wpr-grid-image-wrap\" data-src=\"https:\/\/xn--montaapalentinaecoturismo-doc.com\/wp-content\/uploads\/2023\/05\/oso.png\"><img decoding=\"async\" src=\"https:\/\/xn--montaapalentinaecoturismo-doc.com\/wp-content\/uploads\/2023\/05\/oso.png\" alt=\"oso\" class=\"wpr-anim-timing-ease-default\"><\/div><div class=\"wpr-grid-media-hover wpr-animation-wrap\"><div class=\"wpr-grid-media-hover-bg  wpr-overlay-fade-in wpr-anim-size-large wpr-anim-timing-ease-default wpr-anim-transparency\" data-url=\"https:\/\/xn--montaapalentinaecoturismo-doc.com\/index.php\/home-nature-v1\/oso\/\"><\/div><div class=\"wpr-cv-container\"><div class=\"wpr-cv-outer\"><div class=\"wpr-cv-inner\"><div class=\"wpr-grid-media-hover-middle elementor-clearfix\"><div class=\"wpr-grid-item-lightbox elementor-repeater-item-4bbe6e0 wpr-grid-item-display-block wpr-grid-item-align-center wpr-element-fade-in wpr-anim-size-large wpr-anim-timing-ease-default wpr-anim-transparency\"><div class=\"inner-block\"><span data-src=\"https:\/\/xn--montaapalentinaecoturismo-doc.com\/wp-content\/uploads\/2023\/05\/oso.png\"><i class=\"fas fa-expand-arrows-alt\"><\/i><\/span><div class=\"wpr-grid-lightbox-overlay\"><\/div><\/div><\/div><\/div><\/div><\/div><\/div><\/div><\/div><\/div><\/article><article class=\"wpr-grid-item elementor-clearfix post-830 attachment type-attachment status-inherit hentry\"><div class=\"wpr-grid-item-inner\"><div class=\"wpr-grid-media-wrap wpr-effect-size-small \"><div class=\"wpr-grid-image-wrap\" data-src=\"https:\/\/xn--montaapalentinaecoturismo-doc.com\/wp-content\/uploads\/2023\/05\/REBANAL-DE-LAS-LLANTAS-e1692099157809.jpg\"><img decoding=\"async\" src=\"https:\/\/xn--montaapalentinaecoturismo-doc.com\/wp-content\/uploads\/2023\/05\/REBANAL-DE-LAS-LLANTAS-e1692099157809.jpg\" alt=\"REBANAL DE LAS LLANTAS\" class=\"wpr-anim-timing-ease-default\"><\/div><div class=\"wpr-grid-media-hover wpr-animation-wrap\"><div class=\"wpr-grid-media-hover-bg  wpr-overlay-fade-in wpr-anim-size-large wpr-anim-timing-ease-default wpr-anim-transparency\" data-url=\"https:\/\/xn--montaapalentinaecoturismo-doc.com\/index.php\/home-nature-v1\/rebanal-de-las-llantas\/\"><\/div><div class=\"wpr-cv-container\"><div class=\"wpr-cv-outer\"><div class=\"wpr-cv-inner\"><div class=\"wpr-grid-media-hover-middle elementor-clearfix\"><div class=\"wpr-grid-item-lightbox elementor-repeater-item-4bbe6e0 wpr-grid-item-display-block wpr-grid-item-align-center wpr-element-fade-in wpr-anim-size-large wpr-anim-timing-ease-default wpr-anim-transparency\"><div class=\"inner-block\"><span data-src=\"https:\/\/xn--montaapalentinaecoturismo-doc.com\/wp-content\/uploads\/2023\/05\/REBANAL-DE-LAS-LLANTAS-e1692099157809.jpg\"><i class=\"fas fa-expand-arrows-alt\"><\/i><\/span><div class=\"wpr-grid-lightbox-overlay\"><\/div><\/div><\/div><\/div><\/div><\/div><\/div><\/div><\/div><\/div><\/article><article class=\"wpr-grid-item elementor-clearfix post-988 attachment type-attachment status-inherit hentry\"><div class=\"wpr-grid-item-inner\"><div class=\"wpr-grid-media-wrap wpr-effect-size-small \"><div class=\"wpr-grid-image-wrap\" data-src=\"https:\/\/xn--montaapalentinaecoturismo-doc.com\/wp-content\/uploads\/2023\/06\/img01a.png\"><img decoding=\"async\" src=\"https:\/\/xn--montaapalentinaecoturismo-doc.com\/wp-content\/uploads\/2023\/06\/img01a.png\" alt=\"img01a\" class=\"wpr-anim-timing-ease-default\"><\/div><div class=\"wpr-grid-media-hover wpr-animation-wrap\"><div class=\"wpr-grid-media-hover-bg  wpr-overlay-fade-in wpr-anim-size-large wpr-anim-timing-ease-default wpr-anim-transparency\" data-url=\"https:\/\/xn--montaapalentinaecoturismo-doc.com\/index.php\/gea-forestal\/img01a\/\"><\/div><div class=\"wpr-cv-container\"><div class=\"wpr-cv-outer\"><div class=\"wpr-cv-inner\"><div class=\"wpr-grid-media-hover-middle elementor-clearfix\"><div class=\"wpr-grid-item-lightbox elementor-repeater-item-4bbe6e0 wpr-grid-item-display-block wpr-grid-item-align-center wpr-element-fade-in wpr-anim-size-large wpr-anim-timing-ease-default wpr-anim-transparency\"><div class=\"inner-block\"><span data-src=\"https:\/\/xn--montaapalentinaecoturismo-doc.com\/wp-content\/uploads\/2023\/06\/img01a.png\"><i class=\"fas fa-expand-arrows-alt\"><\/i><\/span><div class=\"wpr-grid-lightbox-overlay\"><\/div><\/div><\/div><\/div><\/div><\/div><\/div><\/div><\/div><\/div><\/article><article class=\"wpr-grid-item elementor-clearfix post-1013 attachment type-attachment status-inherit hentry\"><div class=\"wpr-grid-item-inner\"><div class=\"wpr-grid-media-wrap wpr-effect-size-small \"><div class=\"wpr-grid-image-wrap\" data-src=\"https:\/\/xn--montaapalentinaecoturismo-doc.com\/wp-content\/uploads\/2023\/06\/portadagea01.jpg\"><img decoding=\"async\" src=\"https:\/\/xn--montaapalentinaecoturismo-doc.com\/wp-content\/uploads\/2023\/06\/portadagea01.jpg\" alt=\"portadagea01\" class=\"wpr-anim-timing-ease-default\"><\/div><div class=\"wpr-grid-media-hover wpr-animation-wrap\"><div class=\"wpr-grid-media-hover-bg  wpr-overlay-fade-in wpr-anim-size-large wpr-anim-timing-ease-default wpr-anim-transparency\" data-url=\"https:\/\/xn--montaapalentinaecoturismo-doc.com\/index.php\/home-nature-v1\/portadagea01-2\/\"><\/div><div class=\"wpr-cv-container\"><div class=\"wpr-cv-outer\"><div class=\"wpr-cv-inner\"><div class=\"wpr-grid-media-hover-middle elementor-clearfix\"><div class=\"wpr-grid-item-lightbox elementor-repeater-item-4bbe6e0 wpr-grid-item-display-block wpr-grid-item-align-center wpr-element-fade-in wpr-anim-size-large wpr-anim-timing-ease-default wpr-anim-transparency\"><div class=\"inner-block\"><span data-src=\"https:\/\/xn--montaapalentinaecoturismo-doc.com\/wp-content\/uploads\/2023\/06\/portadagea01.jpg\"><i class=\"fas fa-expand-arrows-alt\"><\/i><\/span><div class=\"wpr-grid-lightbox-overlay\"><\/div><\/div><\/div><\/div><\/div><\/div><\/div><\/div><\/div><\/div><\/article><\/section>\t\t\t\t<\/div>\n\t\t\t\t<\/div>\n\t\t\t\t\t<\/div>\n\t\t<\/div>\n\t\t\t\t\t<\/div>\n\t\t<\/section>\n\t\t\t\t<\/div>\n\t\t","protected":false},"excerpt":{"rendered":"<p>Berrea del ciervo en Monta\u00f1a Palentina Berrea del ciervo en Monta\u00f1a Palentina Rutas interpretadas en 4&#215;4 para observaci\u00f3n de la berrea del ciervo en el Parque Natural Monta\u00f1a Palentina Te llevamos en nuestro todoterreno a descubrir los rincones m\u00e1s especiales del Parque Natural Monta\u00f1a Palentina para conocer de la mano de nuestros gu\u00edas, el comportamiento de los ciervos durante su periodo de celo; marcajes, peleas entre machos, defensa del har\u00e9n de hembras, etc. Contactar por WhatsApp https:\/\/xn--montaapalentinaecoturismo-doc.com\/wp-content\/uploads\/2023\/08\/Gea-Forestal-Berrea.mp4 Caracter\u00edsticas: FECHA: Todo el a\u00f1o, salvo que la nieva no permita circular por las pistas. UBICACI\u00d3N: Parque Natural Monta\u00f1a Palentina PRECIO: Desde 30 euros por persona TAMA\u00d1O GRUPO: M\u00e1x. 6 personas DURACI\u00d3N APROXIMADA: 3-5 horas. Dise\u00f1o de itinerarios a medida. Consultar. \u00bfQu\u00e9 incluye? Incluye desplazamiento en nuestro 4\u00d74, pr\u00e9stamos de material \u00f3ptico individual y visita guiada a la Casa del Parque, Centro de Interpretaci\u00f3n del Parque Natural Monta\u00f1a Palentina y su expo \u201czona oso\u201d. \u00bfD\u00f3nde nos encontraremos? Nos adaptamos al mejor punto seg\u00fan el tipo de salida que hagamos. Te enviaremos el enlace de localizaci\u00f3n cuando concretemos la reserva. \u00bfQu\u00e9 pasa si hay mal tiempo? Rara vez cancelamos si hay mal tiempo. Al contrario, la salida puede convertirse en una aventura muy emocionante y nuestra experiencia garantiza la seguridad necesaria. En caso de tener que cancelar se devuelve el 100% de la reserva hecha. \u00bfHay un m\u00ednimo de participantes para que se haga la salida? Se pacta en cada experiencia, a veces nos han pedido salidas exclusivas, adapt\u00e1ndonos a cada grupo. \u00bfEs necesaria alguna autorizaci\u00f3n? Si, pero la gestionamos nosotros. Al ser una empresa adherida a la Carta Europea de Turismo Sostenible tenemos autorizaci\u00f3n para entrar al espacio natural protegido. \u00bfQu\u00e9 hay que llevar? Ropa c\u00f3moda y de abrigo, si puede ser de tonos oscuros, guantes y gorro (quiz\u00e1s no haga falta, pero mejor que sobre), calzado de monta\u00f1a y agua. \u00bfPuedo cancelar? S\u00ed, sabemos que siempre puede haber un imprevisto. Con m\u00e1s de 48 horas de antelaci\u00f3n no habr\u00e1 coste alguno. Los grupos reducidos a veces dejan a personas sin plaza por lo que si no nos avisas cobraremos el 100% de la reserva, es decir, el 50% del precio de la actividad. \u00bfPuedo llevar mi mascota? No, al ser una actividad de observaci\u00f3n de fauna no se puede llevar mascotas. Rutas interpretadas en 4&#215;4 para observaci\u00f3n de la berrea del ciervo en el Parque Natural Monta\u00f1a Palentina Descripci\u00f3n: te llevamos en nuestro todoterreno a descubrir los rincones m\u00e1s especiales del Parque Natural Monta\u00f1a Palentina para conocer de la mano de nuestros gu\u00edas, el comportamiento de los ciervos durante su periodo de celo; marcajes, peleas entre machos, defensa del har\u00e9n de hembras, etc. Grupos reducidos de 6 personas. Incluye pr\u00e9stamos de material \u00f3ptico individual y visita guiada a la Casa del Parque, centro de interpretaci\u00f3n del Parque Natural y su expo \u201czona oso\u201d. M\u00e1s informaci\u00f3n y reservas:\u00a0686192974 Galer\u00eda de im\u00e1genes de la actividad Contactar por WhatsApp<\/p>\n","protected":false},"author":1,"featured_media":0,"parent":0,"menu_order":0,"comment_status":"closed","ping_status":"closed","template":"","meta":{"_joinchat":[],"footnotes":""},"class_list":["post-1198","page","type-page","status-publish","hentry"],"_links":{"self":[{"href":"https:\/\/xn--montaapalentinaecoturismo-doc.com\/index.php\/wp-json\/wp\/v2\/pages\/1198"}],"collection":[{"href":"https:\/\/xn--montaapalentinaecoturismo-doc.com\/index.php\/wp-json\/wp\/v2\/pages"}],"about":[{"href":"https:\/\/xn--montaapalentinaecoturismo-doc.com\/index.php\/wp-json\/wp\/v2\/types\/page"}],"author":[{"embeddable":true,"href":"https:\/\/xn--montaapalentinaecoturismo-doc.com\/index.php\/wp-json\/wp\/v2\/users\/1"}],"replies":[{"embeddable":true,"href":"https:\/\/xn--montaapalentinaecoturismo-doc.com\/index.php\/wp-json\/wp\/v2\/comments?post=1198"}],"version-history":[{"count":22,"href":"https:\/\/xn--montaapalentinaecoturismo-doc.com\/index.php\/wp-json\/wp\/v2\/pages\/1198\/revisions"}],"predecessor-version":[{"id":1752,"href":"https:\/\/xn--montaapalentinaecoturismo-doc.com\/index.php\/wp-json\/wp\/v2\/pages\/1198\/revisions\/1752"}],"wp:attachment":[{"href":"https:\/\/xn--montaapalentinaecoturismo-doc.com\/index.php\/wp-json\/wp\/v2\/media?parent=1198"}],"curies":[{"name":"wp","href":"https:\/\/api.w.org\/{rel}","templated":true}]}}