{"id":140,"date":"2023-06-23T12:14:58","date_gmt":"2023-06-23T12:14:58","guid":{"rendered":"https:\/\/demosites.royal-elementor-addons.com\/nature-v1\/?page_id=140"},"modified":"2023-09-21T11:56:31","modified_gmt":"2023-09-21T11:56:31","slug":"gea-forestal","status":"publish","type":"page","link":"https:\/\/xn--montaapalentinaecoturismo-doc.com\/index.php\/gea-forestal\/","title":{"rendered":"Gea Forestal Ecoturismo"},"content":{"rendered":"\t\t<div data-elementor-type=\"wp-page\" data-elementor-id=\"140\" class=\"elementor elementor-140\">\n\t\t\t\t\t\t<section class=\"elementor-section elementor-top-section elementor-element elementor-element-a60c1ce elementor-section-boxed elementor-section-height-default elementor-section-height-default wpr-particle-no wpr-jarallax-no wpr-parallax-no wpr-sticky-section-no\" data-id=\"a60c1ce\" data-element_type=\"section\" data-e-type=\"section\" data-settings=\"{&quot;background_background&quot;:&quot;video&quot;,&quot;background_video_link&quot;:&quot;https:\\\/\\\/youtu.be\\\/b6Ht53XideI&quot;,&quot;background_video_start&quot;:13,&quot;background_video_end&quot;:36}\">\n\t\t\t\t\t\t\t\t<div class=\"elementor-background-video-container elementor-hidden-mobile\">\n\t\t\t\t\t\t\t\t\t\t\t\t\t<div class=\"elementor-background-video-embed\" role=\"presentation\"><\/div>\n\t\t\t\t\t\t\t\t\t\t\t\t<\/div>\n\t\t\t\t\t\t\t\t\t<div class=\"elementor-background-overlay\"><\/div>\n\t\t\t\t\t\t\t<div class=\"elementor-container elementor-column-gap-default\">\n\t\t\t\t\t<div class=\"elementor-column elementor-col-100 elementor-top-column elementor-element elementor-element-c0a5566\" data-id=\"c0a5566\" data-element_type=\"column\" data-e-type=\"column\">\n\t\t\t<div class=\"elementor-widget-wrap elementor-element-populated\">\n\t\t\t\t\t\t<div class=\"elementor-element elementor-element-d29922a elementor-widget__width-initial elementor-widget elementor-widget-heading\" data-id=\"d29922a\" data-element_type=\"widget\" data-e-type=\"widget\" data-widget_type=\"heading.default\">\n\t\t\t\t<div class=\"elementor-widget-container\">\n\t\t\t\t\t<h2 class=\"elementor-heading-title elementor-size-default\">Buscamos huellas sin dejar huella<\/h2>\t\t\t\t<\/div>\n\t\t\t\t<\/div>\n\t\t\t\t\t<\/div>\n\t\t<\/div>\n\t\t\t\t\t<\/div>\n\t\t<\/section>\n\t\t\t\t<section class=\"elementor-section elementor-top-section elementor-element elementor-element-e5de4c9 elementor-section-boxed elementor-section-height-default elementor-section-height-default wpr-particle-no wpr-jarallax-no wpr-parallax-no wpr-sticky-section-no\" data-id=\"e5de4c9\" data-element_type=\"section\" data-e-type=\"section\">\n\t\t\t\t\t\t<div class=\"elementor-container elementor-column-gap-default\">\n\t\t\t\t\t<div class=\"elementor-column elementor-col-100 elementor-top-column elementor-element elementor-element-49fa0e5\" data-id=\"49fa0e5\" data-element_type=\"column\" data-e-type=\"column\">\n\t\t\t<div class=\"elementor-widget-wrap elementor-element-populated\">\n\t\t\t\t\t\t<div class=\"elementor-element elementor-element-7f1e9ab elementor-widget elementor-widget-spacer\" data-id=\"7f1e9ab\" data-element_type=\"widget\" data-e-type=\"widget\" data-widget_type=\"spacer.default\">\n\t\t\t\t<div class=\"elementor-widget-container\">\n\t\t\t\t\t\t\t<div class=\"elementor-spacer\">\n\t\t\t<div class=\"elementor-spacer-inner\"><\/div>\n\t\t<\/div>\n\t\t\t\t\t\t<\/div>\n\t\t\t\t<\/div>\n\t\t\t\t<div class=\"elementor-element elementor-element-22a5fcb elementor-widget elementor-widget-heading\" data-id=\"22a5fcb\" data-element_type=\"widget\" data-e-type=\"widget\" data-widget_type=\"heading.default\">\n\t\t\t\t<div class=\"elementor-widget-container\">\n\t\t\t\t\t<h2 class=\"elementor-heading-title elementor-size-default\">GEA FORESTAL ECOTURISMO<\/h2>\t\t\t\t<\/div>\n\t\t\t\t<\/div>\n\t\t\t\t<div class=\"elementor-element elementor-element-636702c elementor-widget-divider--view-line elementor-widget elementor-widget-divider\" data-id=\"636702c\" data-element_type=\"widget\" data-e-type=\"widget\" data-widget_type=\"divider.default\">\n\t\t\t\t<div class=\"elementor-widget-container\">\n\t\t\t\t\t\t\t<div class=\"elementor-divider\">\n\t\t\t<span class=\"elementor-divider-separator\">\n\t\t\t\t\t\t<\/span>\n\t\t<\/div>\n\t\t\t\t\t\t<\/div>\n\t\t\t\t<\/div>\n\t\t\t\t\t<\/div>\n\t\t<\/div>\n\t\t\t\t\t<\/div>\n\t\t<\/section>\n\t\t\t\t<section class=\"elementor-section elementor-top-section elementor-element elementor-element-dccb43f elementor-section-boxed elementor-section-height-default elementor-section-height-default wpr-particle-no wpr-jarallax-no wpr-parallax-no wpr-sticky-section-no\" data-id=\"dccb43f\" data-element_type=\"section\" data-e-type=\"section\">\n\t\t\t\t\t\t<div class=\"elementor-container elementor-column-gap-default\">\n\t\t\t\t\t<div class=\"elementor-column elementor-col-50 elementor-top-column elementor-element elementor-element-1a9ef53\" data-id=\"1a9ef53\" data-element_type=\"column\" data-e-type=\"column\">\n\t\t\t<div class=\"elementor-widget-wrap elementor-element-populated\">\n\t\t\t\t\t\t<div class=\"elementor-element elementor-element-2a0e0fd elementor-widget elementor-widget-heading\" data-id=\"2a0e0fd\" data-element_type=\"widget\" data-e-type=\"widget\" data-widget_type=\"heading.default\">\n\t\t\t\t<div class=\"elementor-widget-container\">\n\t\t\t\t\t<h2 class=\"elementor-heading-title elementor-size-default\">Experiencias de ecoturismo en la Monta\u00f1a Palentina<\/h2>\t\t\t\t<\/div>\n\t\t\t\t<\/div>\n\t\t\t\t<div class=\"elementor-element elementor-element-d72907c elementor-widget-divider--view-line elementor-widget elementor-widget-divider\" data-id=\"d72907c\" data-element_type=\"widget\" data-e-type=\"widget\" data-widget_type=\"divider.default\">\n\t\t\t\t<div class=\"elementor-widget-container\">\n\t\t\t\t\t\t\t<div class=\"elementor-divider\">\n\t\t\t<span class=\"elementor-divider-separator\">\n\t\t\t\t\t\t<\/span>\n\t\t<\/div>\n\t\t\t\t\t\t<\/div>\n\t\t\t\t<\/div>\n\t\t\t\t<div class=\"elementor-element elementor-element-410b057 elementor-widget elementor-widget-text-editor\" data-id=\"410b057\" data-element_type=\"widget\" data-e-type=\"widget\" data-widget_type=\"text-editor.default\">\n\t\t\t\t<div class=\"elementor-widget-container\">\n\t\t\t\t\t\t\t\t\t<p>Gea Forestal ecoturismo es una empresa acreditada con la Carta Europea de Turismo Sostenible (CETS) y autorizada por la Consejer\u00eda de Cultura y Turismo de la JCYL (N\u00ba de Registro TA 34-08), especializada en ecoturismo, en particular, en la divulgaci\u00f3n de los valores naturales, culturales, patrimoniales y etnogr\u00e1ficos de la zona norte de Palencia.<\/p><p>Gestionan desde hace 13 a\u00f1os la Casa del Parque Natural Monta\u00f1a Palentina. El equipo humano est\u00e1 compuesto por ingenieros forestales, educadores ambientales y gu\u00edas de monta\u00f1a titulados.<\/p>\t\t\t\t\t\t\t\t<\/div>\n\t\t\t\t<\/div>\n\t\t\t\t<div class=\"elementor-element elementor-element-4d73360 elementor-icon-list--layout-traditional elementor-list-item-link-full_width elementor-widget elementor-widget-icon-list\" data-id=\"4d73360\" data-element_type=\"widget\" data-e-type=\"widget\" data-widget_type=\"icon-list.default\">\n\t\t\t\t<div class=\"elementor-widget-container\">\n\t\t\t\t\t\t\t<ul class=\"elementor-icon-list-items\">\n\t\t\t\t\t\t\t<li class=\"elementor-icon-list-item\">\n\t\t\t\t\t\t\t\t\t\t\t<span class=\"elementor-icon-list-icon\">\n\t\t\t\t\t\t\t<i aria-hidden=\"true\" class=\"fas fa-check\"><\/i>\t\t\t\t\t\t<\/span>\n\t\t\t\t\t\t\t\t\t\t<span class=\"elementor-icon-list-text\">RUTAS 4X4 OBSERVACI\u00d3N DE FAUNA<\/span>\n\t\t\t\t\t\t\t\t\t<\/li>\n\t\t\t\t\t\t\t\t<li class=\"elementor-icon-list-item\">\n\t\t\t\t\t\t\t\t\t\t\t<span class=\"elementor-icon-list-icon\">\n\t\t\t\t\t\t\t<i aria-hidden=\"true\" class=\"fas fa-check\"><\/i>\t\t\t\t\t\t<\/span>\n\t\t\t\t\t\t\t\t\t\t<span class=\"elementor-icon-list-text\">BERREA DEL CIERVO EN MONTA\u00d1A PALENTINA<\/span>\n\t\t\t\t\t\t\t\t\t<\/li>\n\t\t\t\t\t\t\t\t<li class=\"elementor-icon-list-item\">\n\t\t\t\t\t\t\t\t\t\t\t<span class=\"elementor-icon-list-icon\">\n\t\t\t\t\t\t\t<i aria-hidden=\"true\" class=\"fas fa-check\"><\/i>\t\t\t\t\t\t<\/span>\n\t\t\t\t\t\t\t\t\t\t<span class=\"elementor-icon-list-text\">SENDERISMO INTERPRETATIVO<\/span>\n\t\t\t\t\t\t\t\t\t<\/li>\n\t\t\t\t\t\t\t\t<li class=\"elementor-icon-list-item\">\n\t\t\t\t\t\t\t\t\t\t\t<span class=\"elementor-icon-list-icon\">\n\t\t\t\t\t\t\t<i aria-hidden=\"true\" class=\"fas fa-check\"><\/i>\t\t\t\t\t\t<\/span>\n\t\t\t\t\t\t\t\t\t\t<span class=\"elementor-icon-list-text\">BA\u00d1O DE BOSQUE<\/span>\n\t\t\t\t\t\t\t\t\t<\/li>\n\t\t\t\t\t\t<\/ul>\n\t\t\t\t\t\t<\/div>\n\t\t\t\t<\/div>\n\t\t\t\t\t<\/div>\n\t\t<\/div>\n\t\t\t\t<div class=\"elementor-column elementor-col-50 elementor-top-column elementor-element elementor-element-a6cc5ec\" data-id=\"a6cc5ec\" data-element_type=\"column\" data-e-type=\"column\">\n\t\t\t<div class=\"elementor-widget-wrap elementor-element-populated\">\n\t\t\t\t\t\t<div class=\"elementor-element elementor-element-d888681 wpr-promo-box-style-cover elementor-widget elementor-widget-wpr-promo-box\" data-id=\"d888681\" data-element_type=\"widget\" data-e-type=\"widget\" data-widget_type=\"wpr-promo-box.default\">\n\t\t\t\t<div class=\"elementor-widget-container\">\n\t\t\t\t\t\n\t\t<div class=\"wpr-promo-box wpr-animation-wrap\">\n\n\t\t\t\t\t\t\t\n\t\t\t\t\t\t\t<div class=\"wpr-promo-box-image\">\n\t\t\t\t\t<div class=\"wpr-promo-box-bg-image wpr-bg-anim-zoom-in wpr-anim-timing-ease-default\" style=\"background-image:url(https:\/\/xn--montaapalentinaecoturismo-doc.com\/wp-content\/uploads\/2023\/06\/img01a.png);\"><\/div>\n\t\t\t\t\t<div class=\"wpr-promo-box-bg-overlay wpr-border-anim-oscar\"><\/div>\n\t\t\t\t<\/div>\n\t\t\t\t\t\t\n\t\t\t<div class=\"wpr-promo-box-content\">\n\n\t\t\t\t\t\t\t\t<div class=\"wpr-promo-box-icon\">\n\t\t\t\t\t\t\t\t\t<\/div>\n\t\t\t\t\n\t\t\t\t<h3 class=\"wpr-promo-box-title\"><span>Parque Natural Monta\u00f1a Paletina<\/span><\/h3>\n\t\t\t\t\t\t\t\t\t<div class=\"wpr-promo-box-description\">\n\t\t\t\t\t\t<p><p><em>Nuestro equipo humano est\u00e1 compuesto por ingenieros forestales, educadores ambientales y gu\u00edas de monta\u00f1a titulados.<\/em><\/p><\/p>\t\n\t\t\t\t\t<\/div>\t\t\t\t\t\t\n\t\t\t\t\n\t\t\t\t\t\t\t<\/div>\n\n\t\t\t\t\t<\/div>\n\n\t\t\t\t\t\t<\/div>\n\t\t\t\t<\/div>\n\t\t\t\t\t<\/div>\n\t\t<\/div>\n\t\t\t\t\t<\/div>\n\t\t<\/section>\n\t\t\t\t<section class=\"elementor-section elementor-top-section elementor-element elementor-element-cec6dda elementor-section-boxed elementor-section-height-default elementor-section-height-default wpr-particle-no wpr-jarallax-no wpr-parallax-no wpr-sticky-section-no\" data-id=\"cec6dda\" data-element_type=\"section\" data-e-type=\"section\">\n\t\t\t\t\t\t<div class=\"elementor-container elementor-column-gap-wide\">\n\t\t\t\t\t<div class=\"elementor-column elementor-col-50 elementor-top-column elementor-element elementor-element-97ba466\" data-id=\"97ba466\" data-element_type=\"column\" data-e-type=\"column\">\n\t\t\t<div class=\"elementor-widget-wrap elementor-element-populated\">\n\t\t\t\t\t\t<div class=\"elementor-element elementor-element-28a8953 wpr-promo-box-style-cover elementor-widget elementor-widget-wpr-promo-box\" data-id=\"28a8953\" data-element_type=\"widget\" data-e-type=\"widget\" data-widget_type=\"wpr-promo-box.default\">\n\t\t\t\t<div class=\"elementor-widget-container\">\n\t\t\t\t\t\n\t\t<div class=\"wpr-promo-box wpr-animation-wrap\">\n\n\t\t\t\t\t\t\t\n\t\t\t\t\t\t\t<div class=\"wpr-promo-box-image\">\n\t\t\t\t\t<div class=\"wpr-promo-box-bg-image wpr-bg-anim-zoom-in wpr-anim-timing-ease-default\" style=\"background-image:url(https:\/\/xn--montaapalentinaecoturismo-doc.com\/wp-content\/uploads\/2023\/06\/img02.png);\"><\/div>\n\t\t\t\t\t<div class=\"wpr-promo-box-bg-overlay wpr-border-anim-oscar\"><\/div>\n\t\t\t\t<\/div>\n\t\t\t\t\t\t\n\t\t\t<div class=\"wpr-promo-box-content\">\n\n\t\t\t\t\t\t\t\t<div class=\"wpr-promo-box-icon\">\n\t\t\t\t\t\t\t\t\t<\/div>\n\t\t\t\t\n\t\t\t\t<h3 class=\"wpr-promo-box-title\"><span>Turismo sostenible<\/span><\/h3>\n\t\t\t\t\t\t\t\t\t<div class=\"wpr-promo-box-description\">\n\t\t\t\t\t\t<p><p><em>Las actividades se alejan de la oferta tur\u00edstica convencional, reflejan el compromiso con el territorio a trav\u00e9s del cuidado de la naturaleza, la conservaci\u00f3n del patrimonio y tradiciones y el apoyo a la econom\u00eda local.<\/em> <\/p><\/p>\t\n\t\t\t\t\t<\/div>\t\t\t\t\t\t\n\t\t\t\t\n\t\t\t\t\t\t\t<\/div>\n\n\t\t\t\t\t<\/div>\n\n\t\t\t\t\t\t<\/div>\n\t\t\t\t<\/div>\n\t\t\t\t\t<\/div>\n\t\t<\/div>\n\t\t\t\t<div class=\"elementor-column elementor-col-50 elementor-top-column elementor-element elementor-element-faae8ab\" data-id=\"faae8ab\" data-element_type=\"column\" data-e-type=\"column\">\n\t\t\t<div class=\"elementor-widget-wrap elementor-element-populated\">\n\t\t\t\t\t\t<div class=\"elementor-element elementor-element-c8de26a elementor-widget elementor-widget-heading\" data-id=\"c8de26a\" data-element_type=\"widget\" data-e-type=\"widget\" data-widget_type=\"heading.default\">\n\t\t\t\t<div class=\"elementor-widget-container\">\n\t\t\t\t\t<h2 class=\"elementor-heading-title elementor-size-default\">Aut\u00e9nticamente natural<\/h2>\t\t\t\t<\/div>\n\t\t\t\t<\/div>\n\t\t\t\t<div class=\"elementor-element elementor-element-0b3a231 elementor-widget-divider--view-line elementor-widget elementor-widget-divider\" data-id=\"0b3a231\" data-element_type=\"widget\" data-e-type=\"widget\" data-widget_type=\"divider.default\">\n\t\t\t\t<div class=\"elementor-widget-container\">\n\t\t\t\t\t\t\t<div class=\"elementor-divider\">\n\t\t\t<span class=\"elementor-divider-separator\">\n\t\t\t\t\t\t<\/span>\n\t\t<\/div>\n\t\t\t\t\t\t<\/div>\n\t\t\t\t<\/div>\n\t\t\t\t<div class=\"elementor-element elementor-element-a9497ed elementor-widget elementor-widget-text-editor\" data-id=\"a9497ed\" data-element_type=\"widget\" data-e-type=\"widget\" data-widget_type=\"text-editor.default\">\n\t\t\t\t<div class=\"elementor-widget-container\">\n\t\t\t\t\t\t\t\t\t<p>Entendemos el turismo sostenible como el que permite visitar un destino intentando que el impacto sobre el medio ambiente, la sociedad y la econom\u00eda sea \u00fanicamente positivo.<br \/>Nuestra adhesi\u00f3n a la Carta Europea de Turismo Sostenible respalda nuestro compromiso con el espacio natural protegido para trabajar conjuntamente hacia la sostenibilidad del destino.<\/p>\t\t\t\t\t\t\t\t<\/div>\n\t\t\t\t<\/div>\n\t\t\t\t\t<\/div>\n\t\t<\/div>\n\t\t\t\t\t<\/div>\n\t\t<\/section>\n\t\t\t\t<section class=\"elementor-section elementor-top-section elementor-element elementor-element-ab77878 elementor-section-boxed elementor-section-height-default elementor-section-height-default wpr-particle-no wpr-jarallax-no wpr-parallax-no wpr-sticky-section-no\" data-id=\"ab77878\" data-element_type=\"section\" data-e-type=\"section\">\n\t\t\t\t\t\t<div class=\"elementor-container elementor-column-gap-default\">\n\t\t\t\t\t<div class=\"elementor-column elementor-col-100 elementor-top-column elementor-element elementor-element-b37083f\" data-id=\"b37083f\" data-element_type=\"column\" data-e-type=\"column\">\n\t\t\t<div class=\"elementor-widget-wrap elementor-element-populated\">\n\t\t\t\t\t\t<div class=\"elementor-element elementor-element-c115fb8 elementor-widget elementor-widget-heading\" data-id=\"c115fb8\" data-element_type=\"widget\" data-e-type=\"widget\" data-widget_type=\"heading.default\">\n\t\t\t\t<div class=\"elementor-widget-container\">\n\t\t\t\t\t<h2 class=\"elementor-heading-title elementor-size-default\">Acciones por la sostenibilidad<\/h2>\t\t\t\t<\/div>\n\t\t\t\t<\/div>\n\t\t\t\t<div class=\"elementor-element elementor-element-740ae17 elementor-widget elementor-widget-text-editor\" data-id=\"740ae17\" data-element_type=\"widget\" data-e-type=\"widget\" data-widget_type=\"text-editor.default\">\n\t\t\t\t<div class=\"elementor-widget-container\">\n\t\t\t\t\t\t\t\t\t<p style=\"text-align: center;\">Carta Europea de Turismo Sostenible<\/p>\t\t\t\t\t\t\t\t<\/div>\n\t\t\t\t<\/div>\n\t\t\t\t<div class=\"elementor-element elementor-element-cb328db elementor-widget elementor-widget-image\" data-id=\"cb328db\" data-element_type=\"widget\" data-e-type=\"widget\" data-widget_type=\"image.default\">\n\t\t\t\t<div class=\"elementor-widget-container\">\n\t\t\t\t\t\t\t\t\t\t\t\t\t\t\t<img decoding=\"async\" width=\"250\" height=\"118\" src=\"https:\/\/xn--montaapalentinaecoturismo-doc.com\/wp-content\/uploads\/2023\/09\/ES-Empresa-Colaboradora_transp-250x118-1.png\" class=\"attachment-large size-large wp-image-1777\" alt=\"\" \/>\t\t\t\t\t\t\t\t\t\t\t\t\t\t\t<\/div>\n\t\t\t\t<\/div>\n\t\t\t\t<div class=\"elementor-element elementor-element-4e8a452 elementor-widget elementor-widget-text-editor\" data-id=\"4e8a452\" data-element_type=\"widget\" data-e-type=\"widget\" data-widget_type=\"text-editor.default\">\n\t\t\t\t<div class=\"elementor-widget-container\">\n\t\t\t\t\t\t\t\t\t<p>La Carta en espacios protegidos garantiza que los visitantes puedan disfrutar de los parques de un modo m\u00e1s sostenible<\/p><p>Gea Forestal se ha acreditado en el a\u00f1o 2023 y ha firmado un compromiso voluntario para trabajar conjuntamente con el Parque Natural Monta\u00f1a Palentina a trav\u00e9s de las siguientes acciones:<\/p><ul><li>Disponer una p\u00e1gina web con informaci\u00f3n actualizada de la empresa, el espacio natural protegido y el entorno.<\/li><li>Adaptar el material promocional para dirigirse con coherencia a clientes m\u00e1s respetuosos y concienciados.<\/li><li>Ofrecer a los clientes visita guiada gratuita a la casa del parque.<\/li><li>Ofrecer experiencias o productos espec\u00edficos para personas con diversidad funcional.<\/li><li>Adaptar las actividades que requieren el uso de veh\u00edculos a motor por pistas reguladas, a los requisitos y buenas pr\u00e1cticas establecidas.<\/li><li>Compensar la huella de carbono generada durante las actividades.<\/li><li>Dise\u00f1ar p\u00edcnics 100% eco-sostenibles.<\/li><li>Participar activamente en la denuncia de las infracciones medioambientales detectadas.<\/li><li>Recoger de forma sistem\u00e1tica la basura que encuentra durante la realizaci\u00f3n de actividades.<\/li><li>Colaborar activamente con empresas CETS del territorio.<\/li><li>Elaborar un plan anual de formaci\u00f3n para el personal que incluya tem\u00e1ticas sobre el patrimonio cultural e hist\u00f3rico en el espacio natural protegido.<\/li><li>Promocionar productos y empresas locales.<\/li><li>Incluir productos locales en el p\u00edcnic de las actividades.<\/li><\/ul>\t\t\t\t\t\t\t\t<\/div>\n\t\t\t\t<\/div>\n\t\t\t\t<div class=\"elementor-element elementor-element-0095cdb elementor-widget elementor-widget-spacer\" data-id=\"0095cdb\" data-element_type=\"widget\" data-e-type=\"widget\" data-widget_type=\"spacer.default\">\n\t\t\t\t<div class=\"elementor-widget-container\">\n\t\t\t\t\t\t\t<div class=\"elementor-spacer\">\n\t\t\t<div class=\"elementor-spacer-inner\"><\/div>\n\t\t<\/div>\n\t\t\t\t\t\t<\/div>\n\t\t\t\t<\/div>\n\t\t\t\t<div class=\"elementor-element elementor-element-c5f4fb4 elementor-widget elementor-widget-image\" data-id=\"c5f4fb4\" data-element_type=\"widget\" data-e-type=\"widget\" data-widget_type=\"image.default\">\n\t\t\t\t<div class=\"elementor-widget-container\">\n\t\t\t\t\t\t\t\t\t\t\t\t\t\t\t<img decoding=\"async\" src=\"https:\/\/xn--montaapalentinaecoturismo-doc.com\/wp-content\/uploads\/elementor\/thumbs\/certificado-soy-eco-qcqj5z2p5eo0zk8dpbcw4benaqwzxsuj2d2dhl5fh6.png\" title=\"certificado-soy-eco\" alt=\"certificado-soy-eco\" loading=\"lazy\" \/>\t\t\t\t\t\t\t\t\t\t\t\t\t\t\t<\/div>\n\t\t\t\t<\/div>\n\t\t\t\t<div class=\"elementor-element elementor-element-72b402b elementor-widget elementor-widget-spacer\" data-id=\"72b402b\" data-element_type=\"widget\" data-e-type=\"widget\" data-widget_type=\"spacer.default\">\n\t\t\t\t<div class=\"elementor-widget-container\">\n\t\t\t\t\t\t\t<div class=\"elementor-spacer\">\n\t\t\t<div class=\"elementor-spacer-inner\"><\/div>\n\t\t<\/div>\n\t\t\t\t\t\t<\/div>\n\t\t\t\t<\/div>\n\t\t\t\t\t<\/div>\n\t\t<\/div>\n\t\t\t\t\t<\/div>\n\t\t<\/section>\n\t\t\t\t<\/div>\n\t\t","protected":false},"excerpt":{"rendered":"<p>Buscamos huellas sin dejar huella GEA FORESTAL ECOTURISMO Experiencias de ecoturismo en la Monta\u00f1a Palentina Gea Forestal ecoturismo es una empresa acreditada con la Carta Europea de Turismo Sostenible (CETS) y autorizada por la Consejer\u00eda de Cultura y Turismo de la JCYL (N\u00ba de Registro TA 34-08), especializada en ecoturismo, en particular, en la divulgaci\u00f3n de los valores naturales, culturales, patrimoniales y etnogr\u00e1ficos de la zona norte de Palencia. Gestionan desde hace 13 a\u00f1os la Casa del Parque Natural Monta\u00f1a Palentina. El equipo humano est\u00e1 compuesto por ingenieros forestales, educadores ambientales y gu\u00edas de monta\u00f1a titulados. RUTAS 4X4 OBSERVACI\u00d3N DE FAUNA BERREA DEL CIERVO EN MONTA\u00d1A PALENTINA SENDERISMO INTERPRETATIVO BA\u00d1O DE BOSQUE Parque Natural Monta\u00f1a Paletina Nuestro equipo humano est\u00e1 compuesto por ingenieros forestales, educadores ambientales y gu\u00edas de monta\u00f1a titulados. Turismo sostenible Las actividades se alejan de la oferta tur\u00edstica convencional, reflejan el compromiso con el territorio a trav\u00e9s del cuidado de la naturaleza, la conservaci\u00f3n del patrimonio y tradiciones y el apoyo a la econom\u00eda local. Aut\u00e9nticamente natural Entendemos el turismo sostenible como el que permite visitar un destino intentando que el impacto sobre el medio ambiente, la sociedad y la econom\u00eda sea \u00fanicamente positivo.Nuestra adhesi\u00f3n a la Carta Europea de Turismo Sostenible respalda nuestro compromiso con el espacio natural protegido para trabajar conjuntamente hacia la sostenibilidad del destino. Acciones por la sostenibilidad Carta Europea de Turismo Sostenible La Carta en espacios protegidos garantiza que los visitantes puedan disfrutar de los parques de un modo m\u00e1s sostenible Gea Forestal se ha acreditado en el a\u00f1o 2023 y ha firmado un compromiso voluntario para trabajar conjuntamente con el Parque Natural Monta\u00f1a Palentina a trav\u00e9s de las siguientes acciones: Disponer una p\u00e1gina web con informaci\u00f3n actualizada de la empresa, el espacio natural protegido y el entorno. Adaptar el material promocional para dirigirse con coherencia a clientes m\u00e1s respetuosos y concienciados. Ofrecer a los clientes visita guiada gratuita a la casa del parque. Ofrecer experiencias o productos espec\u00edficos para personas con diversidad funcional. Adaptar las actividades que requieren el uso de veh\u00edculos a motor por pistas reguladas, a los requisitos y buenas pr\u00e1cticas establecidas. Compensar la huella de carbono generada durante las actividades. Dise\u00f1ar p\u00edcnics 100% eco-sostenibles. Participar activamente en la denuncia de las infracciones medioambientales detectadas. Recoger de forma sistem\u00e1tica la basura que encuentra durante la realizaci\u00f3n de actividades. Colaborar activamente con empresas CETS del territorio. Elaborar un plan anual de formaci\u00f3n para el personal que incluya tem\u00e1ticas sobre el patrimonio cultural e hist\u00f3rico en el espacio natural protegido. Promocionar productos y empresas locales. Incluir productos locales en el p\u00edcnic de las actividades.<\/p>\n","protected":false},"author":1,"featured_media":0,"parent":0,"menu_order":0,"comment_status":"closed","ping_status":"closed","template":"elementor_canvas","meta":{"_joinchat":[],"footnotes":""},"class_list":["post-140","page","type-page","status-publish","hentry"],"_links":{"self":[{"href":"https:\/\/xn--montaapalentinaecoturismo-doc.com\/index.php\/wp-json\/wp\/v2\/pages\/140"}],"collection":[{"href":"https:\/\/xn--montaapalentinaecoturismo-doc.com\/index.php\/wp-json\/wp\/v2\/pages"}],"about":[{"href":"https:\/\/xn--montaapalentinaecoturismo-doc.com\/index.php\/wp-json\/wp\/v2\/types\/page"}],"author":[{"embeddable":true,"href":"https:\/\/xn--montaapalentinaecoturismo-doc.com\/index.php\/wp-json\/wp\/v2\/users\/1"}],"replies":[{"embeddable":true,"href":"https:\/\/xn--montaapalentinaecoturismo-doc.com\/index.php\/wp-json\/wp\/v2\/comments?post=140"}],"version-history":[{"count":95,"href":"https:\/\/xn--montaapalentinaecoturismo-doc.com\/index.php\/wp-json\/wp\/v2\/pages\/140\/revisions"}],"predecessor-version":[{"id":1787,"href":"https:\/\/xn--montaapalentinaecoturismo-doc.com\/index.php\/wp-json\/wp\/v2\/pages\/140\/revisions\/1787"}],"wp:attachment":[{"href":"https:\/\/xn--montaapalentinaecoturismo-doc.com\/index.php\/wp-json\/wp\/v2\/media?parent=140"}],"curies":[{"name":"wp","href":"https:\/\/api.w.org\/{rel}","templated":true}]}}