{"id":305,"date":"2023-06-23T07:48:46","date_gmt":"2023-06-23T07:48:46","guid":{"rendered":"https:\/\/demosites.royal-elementor-addons.com\/nature-v1\/?page_id=305"},"modified":"2023-08-29T01:49:19","modified_gmt":"2023-08-29T01:49:19","slug":"experiencias","status":"publish","type":"page","link":"https:\/\/xn--montaapalentinaecoturismo-doc.com\/index.php\/experiencias\/","title":{"rendered":"Experiencias"},"content":{"rendered":"\t\t<div data-elementor-type=\"wp-page\" data-elementor-id=\"305\" class=\"elementor elementor-305\">\n\t\t\t\t\t\t<section class=\"elementor-section elementor-top-section elementor-element elementor-element-b679935 elementor-section-boxed elementor-section-height-default elementor-section-height-default wpr-particle-no wpr-jarallax-no wpr-parallax-no wpr-sticky-section-no\" data-id=\"b679935\" data-element_type=\"section\" data-e-type=\"section\" data-settings=\"{&quot;background_background&quot;:&quot;classic&quot;}\">\n\t\t\t\t\t\t\t<div class=\"elementor-background-overlay\"><\/div>\n\t\t\t\t\t\t\t<div class=\"elementor-container elementor-column-gap-default\">\n\t\t\t\t\t<div class=\"elementor-column elementor-col-100 elementor-top-column elementor-element elementor-element-2fa5267\" data-id=\"2fa5267\" data-element_type=\"column\" data-e-type=\"column\">\n\t\t\t<div class=\"elementor-widget-wrap elementor-element-populated\">\n\t\t\t\t\t\t<div class=\"elementor-element elementor-element-f1bf96d elementor-widget elementor-widget-heading\" data-id=\"f1bf96d\" data-element_type=\"widget\" data-e-type=\"widget\" data-widget_type=\"heading.default\">\n\t\t\t\t<div class=\"elementor-widget-container\">\n\t\t\t\t\t<h2 class=\"elementor-heading-title elementor-size-default\">Propuestas<\/h2>\t\t\t\t<\/div>\n\t\t\t\t<\/div>\n\t\t\t\t\t<\/div>\n\t\t<\/div>\n\t\t\t\t\t<\/div>\n\t\t<\/section>\n\t\t\t\t<section class=\"elementor-section elementor-top-section elementor-element elementor-element-8652451 elementor-section-full_width elementor-section-stretched elementor-section-height-default elementor-section-height-default wpr-particle-no wpr-jarallax-no wpr-parallax-no wpr-sticky-section-no\" data-id=\"8652451\" data-element_type=\"section\" data-e-type=\"section\" data-settings=\"{&quot;background_background&quot;:&quot;classic&quot;,&quot;stretch_section&quot;:&quot;section-stretched&quot;}\">\n\t\t\t\t\t\t<div class=\"elementor-container elementor-column-gap-default\">\n\t\t\t\t\t<div class=\"elementor-column elementor-col-100 elementor-top-column elementor-element elementor-element-068a694\" data-id=\"068a694\" data-element_type=\"column\" data-e-type=\"column\">\n\t\t\t<div class=\"elementor-widget-wrap elementor-element-populated\">\n\t\t\t\t\t\t<section class=\"elementor-section elementor-inner-section elementor-element elementor-element-ac6f6f1 elementor-section-boxed elementor-section-height-default elementor-section-height-default wpr-particle-no wpr-jarallax-no wpr-parallax-no wpr-sticky-section-no\" data-id=\"ac6f6f1\" data-element_type=\"section\" data-e-type=\"section\">\n\t\t\t\t\t\t<div class=\"elementor-container elementor-column-gap-default\">\n\t\t\t\t\t<div class=\"elementor-column elementor-col-33 elementor-inner-column elementor-element elementor-element-aaeab01\" data-id=\"aaeab01\" data-element_type=\"column\" data-e-type=\"column\">\n\t\t\t<div class=\"elementor-widget-wrap elementor-element-populated\">\n\t\t\t\t\t\t<div class=\"elementor-element elementor-element-6259f6b elementor-widget elementor-widget-image\" data-id=\"6259f6b\" data-element_type=\"widget\" data-e-type=\"widget\" data-widget_type=\"image.default\">\n\t\t\t\t<div class=\"elementor-widget-container\">\n\t\t\t\t\t\t\t\t\t\t\t\t\t\t\t\t<a href=\"https:\/\/xn--montaapalentinaecoturismo-doc.com\/index.php\/rutas-observacion-fauna\/\" target=\"_blank\">\n\t\t\t\t\t\t\t<img decoding=\"async\" src=\"https:\/\/xn--montaapalentinaecoturismo-doc.com\/wp-content\/uploads\/2023\/05\/Screenshot-2023-05-12-at-07-05-25-main.webp-Imagen-WEBP-800-\u00d7-800-pixels-Escala-80.png\" title=\"\" alt=\"\" loading=\"lazy\" \/>\t\t\t\t\t\t\t\t<\/a>\n\t\t\t\t\t\t\t\t\t\t\t\t\t\t\t<\/div>\n\t\t\t\t<\/div>\n\t\t\t\t<div class=\"elementor-element elementor-element-b2bcaf8 elementor-widget elementor-widget-heading\" data-id=\"b2bcaf8\" data-element_type=\"widget\" data-e-type=\"widget\" data-widget_type=\"heading.default\">\n\t\t\t\t<div class=\"elementor-widget-container\">\n\t\t\t\t\t<h2 class=\"elementor-heading-title elementor-size-default\"><a href=\"https:\/\/xn--montaapalentinaecoturismo-doc.com\/index.php\/rutas-observacion-fauna\/\" target=\"_blank\">Rutas 4x4 para observaci\u00f3n de fauna<\/a><\/h2>\t\t\t\t<\/div>\n\t\t\t\t<\/div>\n\t\t\t\t<div class=\"elementor-element elementor-element-794632c elementor-widget elementor-widget-text-editor\" data-id=\"794632c\" data-element_type=\"widget\" data-e-type=\"widget\" data-widget_type=\"text-editor.default\">\n\t\t\t\t<div class=\"elementor-widget-container\">\n\t\t\t\t\t\t\t\t\t<p>Rutas guiadas a rincones especiales de la Monta\u00f1a Palentina, para descubrir sus paisajes, flora y fauna singular.<\/p>\t\t\t\t\t\t\t\t<\/div>\n\t\t\t\t<\/div>\n\t\t\t\t\t<\/div>\n\t\t<\/div>\n\t\t\t\t<div class=\"elementor-column elementor-col-33 elementor-inner-column elementor-element elementor-element-0370587\" data-id=\"0370587\" data-element_type=\"column\" data-e-type=\"column\">\n\t\t\t<div class=\"elementor-widget-wrap elementor-element-populated\">\n\t\t\t\t\t\t<div class=\"elementor-element elementor-element-31c52eb elementor-widget elementor-widget-image\" data-id=\"31c52eb\" data-element_type=\"widget\" data-e-type=\"widget\" data-widget_type=\"image.default\">\n\t\t\t\t<div class=\"elementor-widget-container\">\n\t\t\t\t\t\t\t\t\t\t\t\t\t\t\t\t<a href=\"https:\/\/xn--montaapalentinaecoturismo-doc.com\/index.php\/berrea-del-ciervo-en-montana-palentina\/\" target=\"_blank\">\n\t\t\t\t\t\t\t<img decoding=\"async\" src=\"https:\/\/xn--montaapalentinaecoturismo-doc.com\/wp-content\/uploads\/2023\/05\/Screenshot-2023-05-12-at-07-07-54-main.webp-Imagen-WEBP-800-\u00d7-800-pixels-Escala-80.png\" title=\"\" alt=\"\" loading=\"lazy\" \/>\t\t\t\t\t\t\t\t<\/a>\n\t\t\t\t\t\t\t\t\t\t\t\t\t\t\t<\/div>\n\t\t\t\t<\/div>\n\t\t\t\t<div class=\"elementor-element elementor-element-f31a11e elementor-widget elementor-widget-heading\" data-id=\"f31a11e\" data-element_type=\"widget\" data-e-type=\"widget\" data-widget_type=\"heading.default\">\n\t\t\t\t<div class=\"elementor-widget-container\">\n\t\t\t\t\t<h2 class=\"elementor-heading-title elementor-size-default\"><a href=\"https:\/\/xn--montaapalentinaecoturismo-doc.com\/index.php\/berrea-del-ciervo-en-montana-palentina\/\" target=\"_blank\">Berrea del ciervo en Monta\u00f1a Palentina<\/a><\/h2>\t\t\t\t<\/div>\n\t\t\t\t<\/div>\n\t\t\t\t<div class=\"elementor-element elementor-element-280e129 elementor-widget elementor-widget-text-editor\" data-id=\"280e129\" data-element_type=\"widget\" data-e-type=\"widget\" data-widget_type=\"text-editor.default\">\n\t\t\t\t<div class=\"elementor-widget-container\">\n\t\t\t\t\t\t\t\t\t<p>Ven a conocer este espect\u00e1culo de la naturaleza al parque natural \u00abMonta\u00f1a Palentina\u00bb de la mano de nuestros gu\u00edas int\u00e9rpretes.<\/p>\t\t\t\t\t\t\t\t<\/div>\n\t\t\t\t<\/div>\n\t\t\t\t\t<\/div>\n\t\t<\/div>\n\t\t\t\t<div class=\"elementor-column elementor-col-33 elementor-inner-column elementor-element elementor-element-45006f1\" data-id=\"45006f1\" data-element_type=\"column\" data-e-type=\"column\">\n\t\t\t<div class=\"elementor-widget-wrap elementor-element-populated\">\n\t\t\t\t\t\t<div class=\"elementor-element elementor-element-64f095e elementor-widget elementor-widget-image\" data-id=\"64f095e\" data-element_type=\"widget\" data-e-type=\"widget\" data-widget_type=\"image.default\">\n\t\t\t\t<div class=\"elementor-widget-container\">\n\t\t\t\t\t\t\t\t\t\t\t\t\t\t\t\t<a href=\"https:\/\/xn--montaapalentinaecoturismo-doc.com\/index.php\/senderismo-interpretativo\/\" target=\"_blank\">\n\t\t\t\t\t\t\t<img fetchpriority=\"high\" decoding=\"async\" width=\"600\" height=\"600\" src=\"https:\/\/xn--montaapalentinaecoturismo-doc.com\/wp-content\/uploads\/2023\/08\/bannobisque.jpg\" class=\"attachment-large size-large wp-image-1628\" alt=\"\" srcset=\"https:\/\/xn--montaapalentinaecoturismo-doc.com\/wp-content\/uploads\/2023\/08\/bannobisque.jpg 600w, https:\/\/xn--montaapalentinaecoturismo-doc.com\/wp-content\/uploads\/2023\/08\/bannobisque-300x300.jpg 300w, https:\/\/xn--montaapalentinaecoturismo-doc.com\/wp-content\/uploads\/2023\/08\/bannobisque-150x150.jpg 150w\" sizes=\"(max-width: 600px) 100vw, 600px\" \/>\t\t\t\t\t\t\t\t<\/a>\n\t\t\t\t\t\t\t\t\t\t\t\t\t\t\t<\/div>\n\t\t\t\t<\/div>\n\t\t\t\t<div class=\"elementor-element elementor-element-8fadd59 elementor-widget elementor-widget-heading\" data-id=\"8fadd59\" data-element_type=\"widget\" data-e-type=\"widget\" data-widget_type=\"heading.default\">\n\t\t\t\t<div class=\"elementor-widget-container\">\n\t\t\t\t\t<h2 class=\"elementor-heading-title elementor-size-default\"><a href=\"https:\/\/xn--montaapalentinaecoturismo-doc.com\/index.php\/senderismo-interpretativo\/\" target=\"_blank\">Senderismo interpretativo<\/a><\/h2>\t\t\t\t<\/div>\n\t\t\t\t<\/div>\n\t\t\t\t<div class=\"elementor-element elementor-element-154f13f elementor-widget elementor-widget-text-editor\" data-id=\"154f13f\" data-element_type=\"widget\" data-e-type=\"widget\" data-widget_type=\"text-editor.default\">\n\t\t\t\t<div class=\"elementor-widget-container\">\n\t\t\t\t\t\t\t\t\t<p>Casi 80.000 hect\u00e1reas de parque natural por descubrir.<\/p>\t\t\t\t\t\t\t\t<\/div>\n\t\t\t\t<\/div>\n\t\t\t\t\t<\/div>\n\t\t<\/div>\n\t\t\t\t\t<\/div>\n\t\t<\/section>\n\t\t\t\t<section class=\"elementor-section elementor-inner-section elementor-element elementor-element-4f0b9d1 elementor-section-boxed elementor-section-height-default elementor-section-height-default wpr-particle-no wpr-jarallax-no wpr-parallax-no wpr-sticky-section-no\" data-id=\"4f0b9d1\" data-element_type=\"section\" data-e-type=\"section\">\n\t\t\t\t\t\t<div class=\"elementor-container elementor-column-gap-default\">\n\t\t\t\t\t<div class=\"elementor-column elementor-col-33 elementor-inner-column elementor-element elementor-element-1dd245b\" data-id=\"1dd245b\" data-element_type=\"column\" data-e-type=\"column\">\n\t\t\t<div class=\"elementor-widget-wrap elementor-element-populated\">\n\t\t\t\t\t\t<div class=\"elementor-element elementor-element-fdca3ff elementor-widget elementor-widget-image\" data-id=\"fdca3ff\" data-element_type=\"widget\" data-e-type=\"widget\" data-widget_type=\"image.default\">\n\t\t\t\t<div class=\"elementor-widget-container\">\n\t\t\t\t\t\t\t\t\t\t\t\t\t\t\t\t<a href=\"https:\/\/xn--montaapalentinaecoturismo-doc.com\/index.php\/bano-de-bosque\/\" target=\"_blank\">\n\t\t\t\t\t\t\t<img decoding=\"async\" width=\"600\" height=\"600\" src=\"https:\/\/xn--montaapalentinaecoturismo-doc.com\/wp-content\/uploads\/2023\/08\/BANO-BOSQUE-5.jpg\" class=\"attachment-large size-large wp-image-1632\" alt=\"\" srcset=\"https:\/\/xn--montaapalentinaecoturismo-doc.com\/wp-content\/uploads\/2023\/08\/BANO-BOSQUE-5.jpg 600w, https:\/\/xn--montaapalentinaecoturismo-doc.com\/wp-content\/uploads\/2023\/08\/BANO-BOSQUE-5-300x300.jpg 300w, https:\/\/xn--montaapalentinaecoturismo-doc.com\/wp-content\/uploads\/2023\/08\/BANO-BOSQUE-5-150x150.jpg 150w\" sizes=\"(max-width: 600px) 100vw, 600px\" \/>\t\t\t\t\t\t\t\t<\/a>\n\t\t\t\t\t\t\t\t\t\t\t\t\t\t\t<\/div>\n\t\t\t\t<\/div>\n\t\t\t\t<div class=\"elementor-element elementor-element-03a802a elementor-widget elementor-widget-heading\" data-id=\"03a802a\" data-element_type=\"widget\" data-e-type=\"widget\" data-widget_type=\"heading.default\">\n\t\t\t\t<div class=\"elementor-widget-container\">\n\t\t\t\t\t<h2 class=\"elementor-heading-title elementor-size-default\"><a href=\"https:\/\/xn--montaapalentinaecoturismo-doc.com\/index.php\/bano-de-bosque\/\" target=\"_blank\">Ba\u00f1o de bosque<\/a><\/h2>\t\t\t\t<\/div>\n\t\t\t\t<\/div>\n\t\t\t\t<div class=\"elementor-element elementor-element-023927d elementor-widget elementor-widget-text-editor\" data-id=\"023927d\" data-element_type=\"widget\" data-e-type=\"widget\" data-widget_type=\"text-editor.default\">\n\t\t\t\t<div class=\"elementor-widget-container\">\n\t\t\t\t\t\t\t\t\t<p>Reg\u00e1late esta experiencia sensorial terap\u00e9utica en contacto \u00edntimo con la naturaleza.<\/p>\t\t\t\t\t\t\t\t<\/div>\n\t\t\t\t<\/div>\n\t\t\t\t\t<\/div>\n\t\t<\/div>\n\t\t\t\t<div class=\"elementor-column elementor-col-33 elementor-inner-column elementor-element elementor-element-a432bf2\" data-id=\"a432bf2\" data-element_type=\"column\" data-e-type=\"column\">\n\t\t\t<div class=\"elementor-widget-wrap elementor-element-populated\">\n\t\t\t\t\t\t<div class=\"elementor-element elementor-element-6e22f56 elementor-widget elementor-widget-image\" data-id=\"6e22f56\" data-element_type=\"widget\" data-e-type=\"widget\" data-widget_type=\"image.default\">\n\t\t\t\t<div class=\"elementor-widget-container\">\n\t\t\t\t\t\t\t\t\t\t\t\t\t\t\t\t<a href=\"https:\/\/xn--montaapalentinaecoturismo-doc.com\/index.php\/rutas-de-rastreo-de-fauna\/\" target=\"_blank\">\n\t\t\t\t\t\t\t<img decoding=\"async\" src=\"https:\/\/xn--montaapalentinaecoturismo-doc.com\/wp-content\/uploads\/2023\/05\/Screenshot-2023-05-12-at-07-10-14-main.webp-Imagen-WEBP-800-\u00d7-800-pixels-Escala-80.png\" title=\"\" alt=\"\" loading=\"lazy\" \/>\t\t\t\t\t\t\t\t<\/a>\n\t\t\t\t\t\t\t\t\t\t\t\t\t\t\t<\/div>\n\t\t\t\t<\/div>\n\t\t\t\t<div class=\"elementor-element elementor-element-59d1339 elementor-widget elementor-widget-heading\" data-id=\"59d1339\" data-element_type=\"widget\" data-e-type=\"widget\" data-widget_type=\"heading.default\">\n\t\t\t\t<div class=\"elementor-widget-container\">\n\t\t\t\t\t<h2 class=\"elementor-heading-title elementor-size-default\"><a href=\"https:\/\/xn--montaapalentinaecoturismo-doc.com\/index.php\/rutas-de-rastreo-de-fauna\/\" target=\"_blank\">Talleres de rastros de fauna<\/a><\/h2>\t\t\t\t<\/div>\n\t\t\t\t<\/div>\n\t\t\t\t<div class=\"elementor-element elementor-element-7e4832e elementor-widget elementor-widget-text-editor\" data-id=\"7e4832e\" data-element_type=\"widget\" data-e-type=\"widget\" data-widget_type=\"text-editor.default\">\n\t\t\t\t<div class=\"elementor-widget-container\">\n\t\t\t\t\t\t\t\t\t<p>\u00bfQuieres conocer los animales que habitan en la Monta\u00f1a Palentina aprendiendo a identificar sus rastros?<\/p>\t\t\t\t\t\t\t\t<\/div>\n\t\t\t\t<\/div>\n\t\t\t\t\t<\/div>\n\t\t<\/div>\n\t\t\t\t<div class=\"elementor-column elementor-col-33 elementor-inner-column elementor-element elementor-element-5c2fc06\" data-id=\"5c2fc06\" data-element_type=\"column\" data-e-type=\"column\">\n\t\t\t<div class=\"elementor-widget-wrap elementor-element-populated\">\n\t\t\t\t\t\t<div class=\"elementor-element elementor-element-658d622 elementor-widget elementor-widget-image\" data-id=\"658d622\" data-element_type=\"widget\" data-e-type=\"widget\" data-widget_type=\"image.default\">\n\t\t\t\t<div class=\"elementor-widget-container\">\n\t\t\t\t\t\t\t\t\t\t\t\t\t\t\t\t<a href=\"https:\/\/monta\u00f1apalentinaecoturismo.com\/index.php\/montanismo-inclusivo\/\" target=\"_blank\">\n\t\t\t\t\t\t\t<img decoding=\"async\" width=\"600\" height=\"600\" src=\"https:\/\/xn--montaapalentinaecoturismo-doc.com\/wp-content\/uploads\/2023\/08\/MONTANISMO-INCLUSIVO.jpg\" class=\"attachment-large size-large wp-image-1637\" alt=\"\" srcset=\"https:\/\/xn--montaapalentinaecoturismo-doc.com\/wp-content\/uploads\/2023\/08\/MONTANISMO-INCLUSIVO.jpg 600w, https:\/\/xn--montaapalentinaecoturismo-doc.com\/wp-content\/uploads\/2023\/08\/MONTANISMO-INCLUSIVO-300x300.jpg 300w, https:\/\/xn--montaapalentinaecoturismo-doc.com\/wp-content\/uploads\/2023\/08\/MONTANISMO-INCLUSIVO-150x150.jpg 150w\" sizes=\"(max-width: 600px) 100vw, 600px\" \/>\t\t\t\t\t\t\t\t<\/a>\n\t\t\t\t\t\t\t\t\t\t\t\t\t\t\t<\/div>\n\t\t\t\t<\/div>\n\t\t\t\t<div class=\"elementor-element elementor-element-bbb9ec8 elementor-widget elementor-widget-heading\" data-id=\"bbb9ec8\" data-element_type=\"widget\" data-e-type=\"widget\" data-widget_type=\"heading.default\">\n\t\t\t\t<div class=\"elementor-widget-container\">\n\t\t\t\t\t<h2 class=\"elementor-heading-title elementor-size-default\"><a href=\"https:\/\/xn--montaapalentinaecoturismo-doc.com\/index.php\/especial-rutas-guiadas\/\" target=\"_blank\">Monta\u00f1ismo inclusivo<\/a><\/h2>\t\t\t\t<\/div>\n\t\t\t\t<\/div>\n\t\t\t\t<div class=\"elementor-element elementor-element-3ecfd42 elementor-widget elementor-widget-text-editor\" data-id=\"3ecfd42\" data-element_type=\"widget\" data-e-type=\"widget\" data-widget_type=\"text-editor.default\">\n\t\t\t\t<div class=\"elementor-widget-container\">\n\t\t\t\t\t\t\t\t\tCompartiendo senderos y experiencias. Disfrutando del bosque porque es salud.\t\t\t\t\t\t\t\t<\/div>\n\t\t\t\t<\/div>\n\t\t\t\t\t<\/div>\n\t\t<\/div>\n\t\t\t\t\t<\/div>\n\t\t<\/section>\n\t\t\t\t\t<\/div>\n\t\t<\/div>\n\t\t\t\t\t<\/div>\n\t\t<\/section>\n\t\t\t\t<\/div>\n\t\t","protected":false},"excerpt":{"rendered":"<p>Propuestas Rutas 4&#215;4 para observaci\u00f3n de fauna Rutas guiadas a rincones especiales de la Monta\u00f1a Palentina, para descubrir sus paisajes, flora y fauna singular. Berrea del ciervo en Monta\u00f1a Palentina Ven a conocer este espect\u00e1culo de la naturaleza al parque natural \u00abMonta\u00f1a Palentina\u00bb de la mano de nuestros gu\u00edas int\u00e9rpretes. Senderismo interpretativo Casi 80.000 hect\u00e1reas de parque natural por descubrir. Ba\u00f1o de bosque Reg\u00e1late esta experiencia sensorial terap\u00e9utica en contacto \u00edntimo con la naturaleza. Talleres de rastros de fauna \u00bfQuieres conocer los animales que habitan en la Monta\u00f1a Palentina aprendiendo a identificar sus rastros? Monta\u00f1ismo inclusivo Compartiendo senderos y experiencias. Disfrutando del bosque porque es salud.<\/p>\n","protected":false},"author":1,"featured_media":0,"parent":0,"menu_order":0,"comment_status":"closed","ping_status":"closed","template":"elementor_canvas","meta":{"_joinchat":[],"footnotes":""},"class_list":["post-305","page","type-page","status-publish","hentry"],"_links":{"self":[{"href":"https:\/\/xn--montaapalentinaecoturismo-doc.com\/index.php\/wp-json\/wp\/v2\/pages\/305"}],"collection":[{"href":"https:\/\/xn--montaapalentinaecoturismo-doc.com\/index.php\/wp-json\/wp\/v2\/pages"}],"about":[{"href":"https:\/\/xn--montaapalentinaecoturismo-doc.com\/index.php\/wp-json\/wp\/v2\/types\/page"}],"author":[{"embeddable":true,"href":"https:\/\/xn--montaapalentinaecoturismo-doc.com\/index.php\/wp-json\/wp\/v2\/users\/1"}],"replies":[{"embeddable":true,"href":"https:\/\/xn--montaapalentinaecoturismo-doc.com\/index.php\/wp-json\/wp\/v2\/comments?post=305"}],"version-history":[{"count":14,"href":"https:\/\/xn--montaapalentinaecoturismo-doc.com\/index.php\/wp-json\/wp\/v2\/pages\/305\/revisions"}],"predecessor-version":[{"id":1774,"href":"https:\/\/xn--montaapalentinaecoturismo-doc.com\/index.php\/wp-json\/wp\/v2\/pages\/305\/revisions\/1774"}],"wp:attachment":[{"href":"https:\/\/xn--montaapalentinaecoturismo-doc.com\/index.php\/wp-json\/wp\/v2\/media?parent=305"}],"curies":[{"name":"wp","href":"https:\/\/api.w.org\/{rel}","templated":true}]}}